{"id":1223,"date":"2021-01-12T14:39:01","date_gmt":"2021-01-12T13:39:01","guid":{"rendered":"https:\/\/www.polandtastesgood.pl\/przykladowa-strona\/"},"modified":"2026-07-30T11:27:19","modified_gmt":"2026-07-30T09:27:19","slug":"przykladowa-strona","status":"publish","type":"page","link":"https:\/\/www.polandtastesgood.pl\/de\/","title":{"rendered":"Startseite"},"content":{"rendered":"<div class=\"wpb-content-wrapper\"><p>[vc_row full_width=&#8220;stretch_row_content_no_spaces&#8220;][vc_column]<link rel=\"preload\" as=\"image\" href=\"https:\/\/www.polandtastesgood.pl\/wp-content\/uploads\/2021\/07\/Jablka-slider.webp\" fetchpriority=\"high\"><section class=\"hero-slider-container\"><div class=\"hero-slider owl-carousel\"><div class=\"hero-slider-item\" data-controls-color=\"light\"><div class=\"hero-slider-inner\"><h2 class=\"ptg-hero-title\">Poland tastes good \/ Polen schmeckt<\/h2><p>Herzlich willkommen auf der Homepage des Projekts POLAND TASTES GOOD (POLEN SCHMECKT). Unser Ziel ist es, polnische Lebensmittelhersteller bei der Erschlie\u00dfung internationaler M\u00e4rkte zu unterst\u00fctzen. Wir pr\u00e4sentieren die wichtigsten Vorteile der polnischen Lebensmittel: die Vielfalt der Produkte und Geschm\u00e4cker, die kulinarische Tradition, die Preiswettbewerbsf\u00e4higkeit, die Lebensmittelsicherheit und hohe technologische Standards.\nWir laden sowohl polnische Hersteller als auch ausl\u00e4ndische Importeure zur Zusammenarbeit ein!<\/p><a class=\"btn btn-primary\" aria-label=\"Mehr lesen: Poland tastes good \/ Polen schmeckt\" href=\"https:\/\/www.polandtastesgood.pl\/de\/o-projekcie\/krotko-o-kowr\/\">Weiterlesen<\/a><\/div><figure class=\"ptg-hero-priority\" style=\"background-image:url(https:\/\/www.polandtastesgood.pl\/wp-content\/uploads\/2021\/07\/Jablka-slider.webp)\"><\/figure><\/div><\/div><div class=\"custom-controls custom-controls--light\"><button type=\"button\" class=\"prev\" aria-label=\"Vorherige Folie\"><i class=\"fa fa-backward\" aria-hidden=\"true\"><\/i><\/button><button type=\"button\" class=\"play\" aria-label=\"Diashow starten\"><i class=\"fa fa-play\" aria-hidden=\"true\"><\/i><\/button><button type=\"button\" class=\"stop\" style=\"display: none;\" aria-label=\"Diashow stoppen\"><i class=\"fa fa-stop\" aria-hidden=\"true\"><\/i><\/button><button type=\"button\" class=\"next\" aria-label=\"N\u00e4chste Folie\"><i class=\"fa fa-forward\" aria-hidden=\"true\"><\/i><\/button><\/div><div class=\"hero-slider-featured\"><div class=\"hero-slider-featured-box\" style=\"background-image: url();\"><a href=\"https:\/\/www.polandtastesgood.pl\/de\/o-projekcie\/produkty\/\"><h2 class=\"ptg-featured-title\">Polnische Produkte \u2013 echte Exporthits <\/h2><p>Polen ist einer der f\u00fchrenden Produzenten von Agrarerzeugnissen und Lebensmittelprodukten in der Europ\u00e4ischen Union und weltweit. Lernen Sie polnische Exportschlager kennen.<\/p><i class=\"svg-ico\"><svg xmlns=\"http:\/\/www.w3.org\/2000\/svg\" width=\"49\" height=\"49\" viewBox=\"0 0 49 49\">\r\n  <g data-name=\"Group 8668\" transform=\"translate(-890 -1015)\">\r\n    <g  data-name=\"Rectangle 6958\" transform=\"translate(890 1015)\" fill=\"none\" stroke=\"#be1623\" stroke-width=\"1\">\r\n      <rect width=\"49\" height=\"49\" rx=\"24.5\" stroke=\"none\"\/>\r\n      <rect x=\"0.5\" y=\"0.5\" width=\"48\" height=\"48\" rx=\"24\" fill=\"none\"\/>\r\n    <\/g>\r\n    <g data-name=\"Group 8219\" transform=\"translate(905 1033.818)\">\r\n      <path data-name=\"Path 11457\" d=\"M-827.25-4028.516l5.133,5.42-5.133,5.286\" transform=\"translate(837.408 4028.516)\" fill=\"none\" stroke=\"#be1623\" stroke-linecap=\"round\" stroke-linejoin=\"round\" stroke-width=\"1\"\/>\r\n      <line data-name=\"Line 488\" x1=\"14.649\" transform=\"translate(0 5.42)\" fill=\"none\" stroke=\"#be1623\" stroke-linecap=\"round\" stroke-width=\"1\"\/>\r\n    <\/g>\r\n  <\/g>\r\n<\/svg><\/i><\/a><\/div><div class=\"hero-slider-featured-box\" style=\"background-image: url();\"><a href=\"https:\/\/www.polandtastesgood.pl\/de\/wydarzenia\/\"><h2 class=\"ptg-featured-title\">Veranstaltungskalender<\/h2><p>Wir organisieren im Rahmen ausl\u00e4ndischer Lebensmittelmessen nationale St\u00e4nde unter dem Motto POLAND TASTES GOOD \/ POLEN SCHMECKT. Werfen Sie einen Blick auf unseren Plan f\u00fcr das Jahr 2026.<\/p><i class=\"svg-ico\"><svg xmlns=\"http:\/\/www.w3.org\/2000\/svg\" width=\"49\" height=\"49\" viewBox=\"0 0 49 49\">\r\n  <g data-name=\"Group 8668\" transform=\"translate(-890 -1015)\">\r\n    <g  data-name=\"Rectangle 6958\" transform=\"translate(890 1015)\" fill=\"none\" stroke=\"#be1623\" stroke-width=\"1\">\r\n      <rect width=\"49\" height=\"49\" rx=\"24.5\" stroke=\"none\"\/>\r\n      <rect x=\"0.5\" y=\"0.5\" width=\"48\" height=\"48\" rx=\"24\" fill=\"none\"\/>\r\n    <\/g>\r\n    <g data-name=\"Group 8219\" transform=\"translate(905 1033.818)\">\r\n      <path data-name=\"Path 11457\" d=\"M-827.25-4028.516l5.133,5.42-5.133,5.286\" transform=\"translate(837.408 4028.516)\" fill=\"none\" stroke=\"#be1623\" stroke-linecap=\"round\" stroke-linejoin=\"round\" stroke-width=\"1\"\/>\r\n      <line data-name=\"Line 488\" x1=\"14.649\" transform=\"translate(0 5.42)\" fill=\"none\" stroke=\"#be1623\" stroke-linecap=\"round\" stroke-width=\"1\"\/>\r\n    <\/g>\r\n  <\/g>\r\n<\/svg><\/i><\/a><\/div><div class=\"hero-slider-featured-box\" style=\"background-image: url();\"><a href=\"https:\/\/www.polandtastesgood.pl\/de\/o-projekcie\/zagraniczne-dzialania-promocyjne-kowr\/\"><h2 class=\"ptg-featured-title\">Umfang unserer PR-Kampagnen<\/h2><p>Erfahren Sie, wie wir polnische Agrar- und Lebensmittelfirmen bei der Eroberung neuer Absatzm\u00e4rkte unterst\u00fctzen<\/p><i class=\"svg-ico\"><svg xmlns=\"http:\/\/www.w3.org\/2000\/svg\" width=\"49\" height=\"49\" viewBox=\"0 0 49 49\">\r\n  <g data-name=\"Group 8668\" transform=\"translate(-890 -1015)\">\r\n    <g  data-name=\"Rectangle 6958\" transform=\"translate(890 1015)\" fill=\"none\" stroke=\"#be1623\" stroke-width=\"1\">\r\n      <rect width=\"49\" height=\"49\" rx=\"24.5\" stroke=\"none\"\/>\r\n      <rect x=\"0.5\" y=\"0.5\" width=\"48\" height=\"48\" rx=\"24\" fill=\"none\"\/>\r\n    <\/g>\r\n    <g data-name=\"Group 8219\" transform=\"translate(905 1033.818)\">\r\n      <path data-name=\"Path 11457\" d=\"M-827.25-4028.516l5.133,5.42-5.133,5.286\" transform=\"translate(837.408 4028.516)\" fill=\"none\" stroke=\"#be1623\" stroke-linecap=\"round\" stroke-linejoin=\"round\" stroke-width=\"1\"\/>\r\n      <line data-name=\"Line 488\" x1=\"14.649\" transform=\"translate(0 5.42)\" fill=\"none\" stroke=\"#be1623\" stroke-linecap=\"round\" stroke-width=\"1\"\/>\r\n    <\/g>\r\n  <\/g>\r\n<\/svg><\/i><\/a><\/div><\/div><\/section>[\/vc_column][\/vc_row][vc_row full_width=&#8220;stretch_row_content_no_spaces&#8220;][vc_column]            <!-- BOF MODULE HTML -->\r\n            <section class=\"home-news pt-5 pb-5\">\r\n                <div class=\"container\">\r\n                    <div class=\"row align-items-center\">\r\n                        <div class=\"col-12 col-md-6\">\r\n                            <h2 class=\"m-0 ptg-section-title\">Nachrichten<\/h2>\n                        <\/div>\r\n                        <div class=\"col-6 text-right\">\r\n                            <a href=\"https:\/\/www.polandtastesgood.pl\/pl\/kategoria\/aktualnosci\/\"\r\n                               class=\"btn btn-blank d-none d-md-inline-block\">Alles sehen<\/a>\r\n                        <\/div>\r\n                    <\/div>\r\n                    <div class=\"row pt-5 pb-5\">\r\n                                                    <div class=\"col-12\">\r\n                                <div class=\"news-slider owl-carousel owl-theme\">\r\n                                                                                                                    <div class=\"post-element post-38667\">\n                                            <a href=\"https:\/\/www.polandtastesgood.pl\/de\/aktuelles\/kowr-zum-dritten-mal-auf-der-tuttofood-in-mailand\/\"\n                                               title=\"KOWR zum dritten Mal auf der TUTTOFOOD in Mailand\"\n                                               class=\"d-block post-element-thumb-img\">\n                                                <img width=\"768\" height=\"511\" src=\"https:\/\/www.polandtastesgood.pl\/wp-content\/uploads\/2026\/05\/1_TUTTOFOOD_20026-768x511.jpg\" class=\"img-fluid ptg-card-image\" alt=\"KOWR zum dritten Mal auf der TUTTOFOOD in Mailand\" loading=\"lazy\" decoding=\"async\" sizes=\"auto, (max-width: 767px) calc(100vw - 30px), (max-width: 1199px) calc(50vw - 30px), 400px\" srcset=\"https:\/\/www.polandtastesgood.pl\/wp-content\/uploads\/2026\/05\/1_TUTTOFOOD_20026-768x511.jpg 768w, https:\/\/www.polandtastesgood.pl\/wp-content\/uploads\/2026\/05\/1_TUTTOFOOD_20026-300x200.jpg 300w, https:\/\/www.polandtastesgood.pl\/wp-content\/uploads\/2026\/05\/1_TUTTOFOOD_20026-1024x681.jpg 1024w, https:\/\/www.polandtastesgood.pl\/wp-content\/uploads\/2026\/05\/1_TUTTOFOOD_20026-1536x1022.jpg 1536w, https:\/\/www.polandtastesgood.pl\/wp-content\/uploads\/2026\/05\/1_TUTTOFOOD_20026-2048x1362.jpg 2048w\" \/>                                                                                            <\/a>\n                                            <h3 class=\"ptg-news-card-title\">\n                                                <a href=\"https:\/\/www.polandtastesgood.pl\/de\/aktuelles\/kowr-zum-dritten-mal-auf-der-tuttofood-in-mailand\/\">\n                                                    KOWR zum dritten Mal auf der TUTTOFOOD in Mailand                                                <\/a>\n                                            <\/h3>\n                                            <p>\n                                                <a href=\"https:\/\/www.polandtastesgood.pl\/de\/aktuelles\/kowr-zum-dritten-mal-auf-der-tuttofood-in-mailand\/\">\n                                                    Am 11. Mai 2026 begann in Mailand die gr\u00f6\u00dfte Lebensmittel- und Getr\u00e4nkemesse Italiens \u2013 TUTTOFOOD. KOWR organisierte zum dritten Mal einen Nationalstand auf dieser alle zwei Jahre stattfindenden Messe. Die diesj\u00e4hrige Veranstaltung verlegt den Ausstellungsz...                                                <\/a>\n                                            <\/p>\n                                            <a class=\"read-more\"\n                                               aria-label=\"Mehr lesen: KOWR zum dritten Mal auf der TUTTOFOOD in Mailand\"\n                                               href=\"https:\/\/www.polandtastesgood.pl\/de\/aktuelles\/kowr-zum-dritten-mal-auf-der-tuttofood-in-mailand\/\">\n                                                Weiterlesen                                                <i class=\"svg-ico\"><svg xmlns=\"http:\/\/www.w3.org\/2000\/svg\" width=\"49\" height=\"49\" viewBox=\"0 0 49 49\">\r\n  <g data-name=\"Group 8668\" transform=\"translate(-890 -1015)\">\r\n    <g  data-name=\"Rectangle 6958\" transform=\"translate(890 1015)\" fill=\"none\" stroke=\"#be1623\" stroke-width=\"1\">\r\n      <rect width=\"49\" height=\"49\" rx=\"24.5\" stroke=\"none\"\/>\r\n      <rect x=\"0.5\" y=\"0.5\" width=\"48\" height=\"48\" rx=\"24\" fill=\"none\"\/>\r\n    <\/g>\r\n    <g data-name=\"Group 8219\" transform=\"translate(905 1033.818)\">\r\n      <path data-name=\"Path 11457\" d=\"M-827.25-4028.516l5.133,5.42-5.133,5.286\" transform=\"translate(837.408 4028.516)\" fill=\"none\" stroke=\"#be1623\" stroke-linecap=\"round\" stroke-linejoin=\"round\" stroke-width=\"1\"\/>\r\n      <line data-name=\"Line 488\" x1=\"14.649\" transform=\"translate(0 5.42)\" fill=\"none\" stroke=\"#be1623\" stroke-linecap=\"round\" stroke-width=\"1\"\/>\r\n    <\/g>\r\n  <\/g>\r\n<\/svg><\/i>\n                                            <\/a>\n                                        <\/div>\r\n                                                                                                                    <div class=\"post-element post-38649\">\n                                            <a href=\"https:\/\/www.polandtastesgood.pl\/de\/aktuelles\/kowr-kehrt-nach-mehrjahriger-pause-zur-sial-canada-zuruck\/\"\n                                               title=\"KOWR kehrt nach mehrj\u00e4hriger Pause zur SIAL Canada zur\u00fcck\"\n                                               class=\"d-block post-element-thumb-img\">\n                                                <img width=\"768\" height=\"576\" src=\"https:\/\/www.polandtastesgood.pl\/wp-content\/uploads\/2026\/04\/1_SIAL_CANADA_2026-768x576.jpg\" class=\"img-fluid ptg-card-image\" alt=\"KOWR kehrt nach mehrj\u00e4hriger Pause zur SIAL Canada zur\u00fcck\" loading=\"lazy\" decoding=\"async\" sizes=\"auto, (max-width: 767px) calc(100vw - 30px), (max-width: 1199px) calc(50vw - 30px), 400px\" srcset=\"https:\/\/www.polandtastesgood.pl\/wp-content\/uploads\/2026\/04\/1_SIAL_CANADA_2026-768x576.jpg 768w, https:\/\/www.polandtastesgood.pl\/wp-content\/uploads\/2026\/04\/1_SIAL_CANADA_2026-300x225.jpg 300w, https:\/\/www.polandtastesgood.pl\/wp-content\/uploads\/2026\/04\/1_SIAL_CANADA_2026-1024x768.jpg 1024w, https:\/\/www.polandtastesgood.pl\/wp-content\/uploads\/2026\/04\/1_SIAL_CANADA_2026-1536x1152.jpg 1536w, https:\/\/www.polandtastesgood.pl\/wp-content\/uploads\/2026\/04\/1_SIAL_CANADA_2026-2048x1536.jpg 2048w\" \/>                                                                                            <\/a>\n                                            <h3 class=\"ptg-news-card-title\">\n                                                <a href=\"https:\/\/www.polandtastesgood.pl\/de\/aktuelles\/kowr-kehrt-nach-mehrjahriger-pause-zur-sial-canada-zuruck\/\">\n                                                    KOWR kehrt nach mehrj\u00e4hriger Pause zur SIAL Canada zur\u00fcck                                                <\/a>\n                                            <\/h3>\n                                            <p>\n                                                <a href=\"https:\/\/www.polandtastesgood.pl\/de\/aktuelles\/kowr-kehrt-nach-mehrjahriger-pause-zur-sial-canada-zuruck\/\">\n                                                    Erstmals seit 2018 pr\u00e4sentiert sich KOWR wieder mit einem nationalen Messestand auf der SIAL Canada, Kanadas gr\u00f6\u00dfter Fachmesse f\u00fcr die Lebensmittelindustrie. Die diesj\u00e4hrige Ausgabe findet vom 29. April bis zum 1. Mai in Montreal statt. Kanada ist derzeit n...                                                <\/a>\n                                            <\/p>\n                                            <a class=\"read-more\"\n                                               aria-label=\"Mehr lesen: KOWR kehrt nach mehrj\u00e4hriger Pause zur SIAL Canada zur\u00fcck\"\n                                               href=\"https:\/\/www.polandtastesgood.pl\/de\/aktuelles\/kowr-kehrt-nach-mehrjahriger-pause-zur-sial-canada-zuruck\/\">\n                                                Weiterlesen                                                <i class=\"svg-ico\"><svg xmlns=\"http:\/\/www.w3.org\/2000\/svg\" width=\"49\" height=\"49\" viewBox=\"0 0 49 49\">\r\n  <g data-name=\"Group 8668\" transform=\"translate(-890 -1015)\">\r\n    <g  data-name=\"Rectangle 6958\" transform=\"translate(890 1015)\" fill=\"none\" stroke=\"#be1623\" stroke-width=\"1\">\r\n      <rect width=\"49\" height=\"49\" rx=\"24.5\" stroke=\"none\"\/>\r\n      <rect x=\"0.5\" y=\"0.5\" width=\"48\" height=\"48\" rx=\"24\" fill=\"none\"\/>\r\n    <\/g>\r\n    <g data-name=\"Group 8219\" transform=\"translate(905 1033.818)\">\r\n      <path data-name=\"Path 11457\" d=\"M-827.25-4028.516l5.133,5.42-5.133,5.286\" transform=\"translate(837.408 4028.516)\" fill=\"none\" stroke=\"#be1623\" stroke-linecap=\"round\" stroke-linejoin=\"round\" stroke-width=\"1\"\/>\r\n      <line data-name=\"Line 488\" x1=\"14.649\" transform=\"translate(0 5.42)\" fill=\"none\" stroke=\"#be1623\" stroke-linecap=\"round\" stroke-width=\"1\"\/>\r\n    <\/g>\r\n  <\/g>\r\n<\/svg><\/i>\n                                            <\/a>\n                                        <\/div>\r\n                                                                                                                    <div class=\"post-element post-38633\">\n                                            <a href=\"https:\/\/www.polandtastesgood.pl\/de\/aktuelles\/kowr-wirbt-konsequent-fur-lebensmittel-auf-der-fha-messe-in-singapur\/\"\n                                               title=\"KOWR wirbt konsequent f\u00fcr Lebensmittel auf der FHA-Messe in Singapur\"\n                                               class=\"d-block post-element-thumb-img\">\n                                                <img width=\"768\" height=\"503\" src=\"https:\/\/www.polandtastesgood.pl\/wp-content\/uploads\/2026\/04\/FHA_SG_2026_1-768x503.jpg\" class=\"img-fluid ptg-card-image\" alt=\"KOWR wirbt konsequent f\u00fcr Lebensmittel auf der FHA-Messe in Singapur\" loading=\"lazy\" decoding=\"async\" sizes=\"auto, (max-width: 767px) calc(100vw - 30px), (max-width: 1199px) calc(50vw - 30px), 400px\" srcset=\"https:\/\/www.polandtastesgood.pl\/wp-content\/uploads\/2026\/04\/FHA_SG_2026_1-768x503.jpg 768w, https:\/\/www.polandtastesgood.pl\/wp-content\/uploads\/2026\/04\/FHA_SG_2026_1-300x197.jpg 300w, https:\/\/www.polandtastesgood.pl\/wp-content\/uploads\/2026\/04\/FHA_SG_2026_1-1024x671.jpg 1024w, https:\/\/www.polandtastesgood.pl\/wp-content\/uploads\/2026\/04\/FHA_SG_2026_1-1536x1007.jpg 1536w, https:\/\/www.polandtastesgood.pl\/wp-content\/uploads\/2026\/04\/FHA_SG_2026_1-2048x1342.jpg 2048w\" \/>                                                                                            <\/a>\n                                            <h3 class=\"ptg-news-card-title\">\n                                                <a href=\"https:\/\/www.polandtastesgood.pl\/de\/aktuelles\/kowr-wirbt-konsequent-fur-lebensmittel-auf-der-fha-messe-in-singapur\/\">\n                                                    KOWR wirbt konsequent f\u00fcr Lebensmittel auf der FHA-Messe in Singapur                                                <\/a>\n                                            <\/h3>\n                                            <p>\n                                                <a href=\"https:\/\/www.polandtastesgood.pl\/de\/aktuelles\/kowr-wirbt-konsequent-fur-lebensmittel-auf-der-fha-messe-in-singapur\/\">\n                                                    Das Nationale Zentrum f\u00fcr Landwirtschaftsf\u00f6rderung (KOWR) wirbt konsequent f\u00fcr polnische Lebensmittel in Singapur und erleichtert polnischen Exporteuren den Zugang zum singapurischen Markt. Vom 21. bis 24. April 2026 pr\u00e4sentiert sich KOWR zum f\u00fcnften Mal un...                                                <\/a>\n                                            <\/p>\n                                            <a class=\"read-more\"\n                                               aria-label=\"Mehr lesen: KOWR wirbt konsequent f\u00fcr Lebensmittel auf der FHA-Messe in Singapur\"\n                                               href=\"https:\/\/www.polandtastesgood.pl\/de\/aktuelles\/kowr-wirbt-konsequent-fur-lebensmittel-auf-der-fha-messe-in-singapur\/\">\n                                                Weiterlesen                                                <i class=\"svg-ico\"><svg xmlns=\"http:\/\/www.w3.org\/2000\/svg\" width=\"49\" height=\"49\" viewBox=\"0 0 49 49\">\r\n  <g data-name=\"Group 8668\" transform=\"translate(-890 -1015)\">\r\n    <g  data-name=\"Rectangle 6958\" transform=\"translate(890 1015)\" fill=\"none\" stroke=\"#be1623\" stroke-width=\"1\">\r\n      <rect width=\"49\" height=\"49\" rx=\"24.5\" stroke=\"none\"\/>\r\n      <rect x=\"0.5\" y=\"0.5\" width=\"48\" height=\"48\" rx=\"24\" fill=\"none\"\/>\r\n    <\/g>\r\n    <g data-name=\"Group 8219\" transform=\"translate(905 1033.818)\">\r\n      <path data-name=\"Path 11457\" d=\"M-827.25-4028.516l5.133,5.42-5.133,5.286\" transform=\"translate(837.408 4028.516)\" fill=\"none\" stroke=\"#be1623\" stroke-linecap=\"round\" stroke-linejoin=\"round\" stroke-width=\"1\"\/>\r\n      <line data-name=\"Line 488\" x1=\"14.649\" transform=\"translate(0 5.42)\" fill=\"none\" stroke=\"#be1623\" stroke-linecap=\"round\" stroke-width=\"1\"\/>\r\n    <\/g>\r\n  <\/g>\r\n<\/svg><\/i>\n                                            <\/a>\n                                        <\/div>\r\n                                                                                                                    <div class=\"post-element post-38618\">\n                                            <a href=\"https:\/\/www.polandtastesgood.pl\/de\/aktuelles\/kowr-zum-ersten-mal-auf-der-messe-siam-in-marokko\/\"\n                                               title=\"KOWR zum ersten Mal auf der Messe SIAM in Marokko\"\n                                               class=\"d-block post-element-thumb-img\">\n                                                <img width=\"768\" height=\"562\" src=\"https:\/\/www.polandtastesgood.pl\/wp-content\/uploads\/2026\/04\/SIAM-Maroko-2026_1-768x562.jpg\" class=\"img-fluid ptg-card-image\" alt=\"KOWR zum ersten Mal auf der Messe SIAM in Marokko\" loading=\"lazy\" decoding=\"async\" sizes=\"auto, (max-width: 767px) calc(100vw - 30px), (max-width: 1199px) calc(50vw - 30px), 400px\" srcset=\"https:\/\/www.polandtastesgood.pl\/wp-content\/uploads\/2026\/04\/SIAM-Maroko-2026_1-768x562.jpg 768w, https:\/\/www.polandtastesgood.pl\/wp-content\/uploads\/2026\/04\/SIAM-Maroko-2026_1-300x219.jpg 300w, https:\/\/www.polandtastesgood.pl\/wp-content\/uploads\/2026\/04\/SIAM-Maroko-2026_1-1024x749.jpg 1024w, https:\/\/www.polandtastesgood.pl\/wp-content\/uploads\/2026\/04\/SIAM-Maroko-2026_1-1536x1123.jpg 1536w, https:\/\/www.polandtastesgood.pl\/wp-content\/uploads\/2026\/04\/SIAM-Maroko-2026_1.jpg 1600w\" \/>                                                                                            <\/a>\n                                            <h3 class=\"ptg-news-card-title\">\n                                                <a href=\"https:\/\/www.polandtastesgood.pl\/de\/aktuelles\/kowr-zum-ersten-mal-auf-der-messe-siam-in-marokko\/\">\n                                                    KOWR zum ersten Mal auf der Messe SIAM in Marokko                                                <\/a>\n                                            <\/h3>\n                                            <p>\n                                                <a href=\"https:\/\/www.polandtastesgood.pl\/de\/aktuelles\/kowr-zum-ersten-mal-auf-der-messe-siam-in-marokko\/\">\n                                                    Vom 20. bis 26. April 2026 pr\u00e4sentiert sich KOWR erstmals mit einem nationalen Stand auf der SIAM, der marokkanischen Internationalen Landwirtschaftsmesse in Meknes. Die SIAM (Salon International de l'Agriculture au Maroc) ist die gr\u00f6\u00dfte Agrar- und Lebensmi...                                                <\/a>\n                                            <\/p>\n                                            <a class=\"read-more\"\n                                               aria-label=\"Mehr lesen: KOWR zum ersten Mal auf der Messe SIAM in Marokko\"\n                                               href=\"https:\/\/www.polandtastesgood.pl\/de\/aktuelles\/kowr-zum-ersten-mal-auf-der-messe-siam-in-marokko\/\">\n                                                Weiterlesen                                                <i class=\"svg-ico\"><svg xmlns=\"http:\/\/www.w3.org\/2000\/svg\" width=\"49\" height=\"49\" viewBox=\"0 0 49 49\">\r\n  <g data-name=\"Group 8668\" transform=\"translate(-890 -1015)\">\r\n    <g  data-name=\"Rectangle 6958\" transform=\"translate(890 1015)\" fill=\"none\" stroke=\"#be1623\" stroke-width=\"1\">\r\n      <rect width=\"49\" height=\"49\" rx=\"24.5\" stroke=\"none\"\/>\r\n      <rect x=\"0.5\" y=\"0.5\" width=\"48\" height=\"48\" rx=\"24\" fill=\"none\"\/>\r\n    <\/g>\r\n    <g data-name=\"Group 8219\" transform=\"translate(905 1033.818)\">\r\n      <path data-name=\"Path 11457\" d=\"M-827.25-4028.516l5.133,5.42-5.133,5.286\" transform=\"translate(837.408 4028.516)\" fill=\"none\" stroke=\"#be1623\" stroke-linecap=\"round\" stroke-linejoin=\"round\" stroke-width=\"1\"\/>\r\n      <line data-name=\"Line 488\" x1=\"14.649\" transform=\"translate(0 5.42)\" fill=\"none\" stroke=\"#be1623\" stroke-linecap=\"round\" stroke-width=\"1\"\/>\r\n    <\/g>\r\n  <\/g>\r\n<\/svg><\/i>\n                                            <\/a>\n                                        <\/div>\r\n                                                                                                                    <div class=\"post-element post-36826\">\n                                            <a href=\"https:\/\/www.polandtastesgood.pl\/de\/aktuelles\/der-polnische-nationalstand-auf-der-messe-ife-london-2026\/\"\n                                               title=\"Der polnische Nationalstand auf der Messe IFE London 2026\"\n                                               class=\"d-block post-element-thumb-img\">\n                                                <img width=\"768\" height=\"552\" src=\"https:\/\/www.polandtastesgood.pl\/wp-content\/uploads\/2026\/03\/IFE_Londyn_2026_1-768x552.jpeg\" class=\"img-fluid ptg-card-image\" alt=\"Der polnische Nationalstand auf der Messe IFE London 2026\" loading=\"lazy\" decoding=\"async\" sizes=\"auto, (max-width: 767px) calc(100vw - 30px), (max-width: 1199px) calc(50vw - 30px), 400px\" srcset=\"https:\/\/www.polandtastesgood.pl\/wp-content\/uploads\/2026\/03\/IFE_Londyn_2026_1-768x552.jpeg 768w, https:\/\/www.polandtastesgood.pl\/wp-content\/uploads\/2026\/03\/IFE_Londyn_2026_1-300x216.jpeg 300w, https:\/\/www.polandtastesgood.pl\/wp-content\/uploads\/2026\/03\/IFE_Londyn_2026_1-1024x736.jpeg 1024w, https:\/\/www.polandtastesgood.pl\/wp-content\/uploads\/2026\/03\/IFE_Londyn_2026_1-1536x1105.jpeg 1536w, https:\/\/www.polandtastesgood.pl\/wp-content\/uploads\/2026\/03\/IFE_Londyn_2026_1-2048x1473.jpeg 2048w\" \/>                                                                                            <\/a>\n                                            <h3 class=\"ptg-news-card-title\">\n                                                <a href=\"https:\/\/www.polandtastesgood.pl\/de\/aktuelles\/der-polnische-nationalstand-auf-der-messe-ife-london-2026\/\">\n                                                    Der polnische Nationalstand auf der Messe IFE London 2026                                                <\/a>\n                                            <\/h3>\n                                            <p>\n                                                <a href=\"https:\/\/www.polandtastesgood.pl\/de\/aktuelles\/der-polnische-nationalstand-auf-der-messe-ife-london-2026\/\">\n                                                    Am 30. M\u00e4rz 2026 begann in London die n\u00e4chste Ausgabe der International Food &amp; Drink Event (IFE London), der gr\u00f6\u00dften Fachmesse der Lebensmittel- und Getr\u00e4nkeindustrie in Gro\u00dfbritannien. Die dreit\u00e4gige Messe dauerte bis zum 1. April. Die KOWR organisiert...                                                <\/a>\n                                            <\/p>\n                                            <a class=\"read-more\"\n                                               aria-label=\"Mehr lesen: Der polnische Nationalstand auf der Messe IFE London 2026\"\n                                               href=\"https:\/\/www.polandtastesgood.pl\/de\/aktuelles\/der-polnische-nationalstand-auf-der-messe-ife-london-2026\/\">\n                                                Weiterlesen                                                <i class=\"svg-ico\"><svg xmlns=\"http:\/\/www.w3.org\/2000\/svg\" width=\"49\" height=\"49\" viewBox=\"0 0 49 49\">\r\n  <g data-name=\"Group 8668\" transform=\"translate(-890 -1015)\">\r\n    <g  data-name=\"Rectangle 6958\" transform=\"translate(890 1015)\" fill=\"none\" stroke=\"#be1623\" stroke-width=\"1\">\r\n      <rect width=\"49\" height=\"49\" rx=\"24.5\" stroke=\"none\"\/>\r\n      <rect x=\"0.5\" y=\"0.5\" width=\"48\" height=\"48\" rx=\"24\" fill=\"none\"\/>\r\n    <\/g>\r\n    <g data-name=\"Group 8219\" transform=\"translate(905 1033.818)\">\r\n      <path data-name=\"Path 11457\" d=\"M-827.25-4028.516l5.133,5.42-5.133,5.286\" transform=\"translate(837.408 4028.516)\" fill=\"none\" stroke=\"#be1623\" stroke-linecap=\"round\" stroke-linejoin=\"round\" stroke-width=\"1\"\/>\r\n      <line data-name=\"Line 488\" x1=\"14.649\" transform=\"translate(0 5.42)\" fill=\"none\" stroke=\"#be1623\" stroke-linecap=\"round\" stroke-width=\"1\"\/>\r\n    <\/g>\r\n  <\/g>\r\n<\/svg><\/i>\n                                            <\/a>\n                                        <\/div>\r\n                                                                                                                    <div class=\"post-element post-36809\">\n                                            <a href=\"https:\/\/www.polandtastesgood.pl\/de\/aktuelles\/polen-ist-partnerland-auf-der-messe-alimentaria-2026-in-barcelona\/\"\n                                               title=\"Polen ist Partnerland auf der Messe Alimentaria 2026 in Barcelona\"\n                                               class=\"d-block post-element-thumb-img\">\n                                                <img width=\"768\" height=\"476\" src=\"https:\/\/www.polandtastesgood.pl\/wp-content\/uploads\/2026\/03\/IMG_9708-768x476.jpg\" class=\"img-fluid ptg-card-image\" alt=\"Polen ist Partnerland auf der Messe Alimentaria 2026 in Barcelona\" loading=\"lazy\" decoding=\"async\" sizes=\"auto, (max-width: 767px) calc(100vw - 30px), (max-width: 1199px) calc(50vw - 30px), 400px\" srcset=\"https:\/\/www.polandtastesgood.pl\/wp-content\/uploads\/2026\/03\/IMG_9708-768x476.jpg 768w, https:\/\/www.polandtastesgood.pl\/wp-content\/uploads\/2026\/03\/IMG_9708-300x186.jpg 300w, https:\/\/www.polandtastesgood.pl\/wp-content\/uploads\/2026\/03\/IMG_9708-1024x634.jpg 1024w, https:\/\/www.polandtastesgood.pl\/wp-content\/uploads\/2026\/03\/IMG_9708-1536x951.jpg 1536w, https:\/\/www.polandtastesgood.pl\/wp-content\/uploads\/2026\/03\/IMG_9708-2048x1268.jpg 2048w\" \/>                                                                                            <\/a>\n                                            <h3 class=\"ptg-news-card-title\">\n                                                <a href=\"https:\/\/www.polandtastesgood.pl\/de\/aktuelles\/polen-ist-partnerland-auf-der-messe-alimentaria-2026-in-barcelona\/\">\n                                                    Polen ist Partnerland auf der Messe Alimentaria 2026 in Barcelona                                                <\/a>\n                                            <\/h3>\n                                            <p>\n                                                <a href=\"https:\/\/www.polandtastesgood.pl\/de\/aktuelles\/polen-ist-partnerland-auf-der-messe-alimentaria-2026-in-barcelona\/\">\n                                                    Die alle zwei Jahre veranstaltete Lebensmittelmesse Alimentaria in Barcelona ist eine der gr\u00f6\u00dften und renommiertesten Messen der Lebensmittelbranche in Spanien und ganz Europa. Bei der vom 23. bis 26. M\u00e4rz 2026 stattfindenden 50. Jubil\u00e4umsausgabe war Polen ...                                                <\/a>\n                                            <\/p>\n                                            <a class=\"read-more\"\n                                               aria-label=\"Mehr lesen: Polen ist Partnerland auf der Messe Alimentaria 2026 in Barcelona\"\n                                               href=\"https:\/\/www.polandtastesgood.pl\/de\/aktuelles\/polen-ist-partnerland-auf-der-messe-alimentaria-2026-in-barcelona\/\">\n                                                Weiterlesen                                                <i class=\"svg-ico\"><svg xmlns=\"http:\/\/www.w3.org\/2000\/svg\" width=\"49\" height=\"49\" viewBox=\"0 0 49 49\">\r\n  <g data-name=\"Group 8668\" transform=\"translate(-890 -1015)\">\r\n    <g  data-name=\"Rectangle 6958\" transform=\"translate(890 1015)\" fill=\"none\" stroke=\"#be1623\" stroke-width=\"1\">\r\n      <rect width=\"49\" height=\"49\" rx=\"24.5\" stroke=\"none\"\/>\r\n      <rect x=\"0.5\" y=\"0.5\" width=\"48\" height=\"48\" rx=\"24\" fill=\"none\"\/>\r\n    <\/g>\r\n    <g data-name=\"Group 8219\" transform=\"translate(905 1033.818)\">\r\n      <path data-name=\"Path 11457\" d=\"M-827.25-4028.516l5.133,5.42-5.133,5.286\" transform=\"translate(837.408 4028.516)\" fill=\"none\" stroke=\"#be1623\" stroke-linecap=\"round\" stroke-linejoin=\"round\" stroke-width=\"1\"\/>\r\n      <line data-name=\"Line 488\" x1=\"14.649\" transform=\"translate(0 5.42)\" fill=\"none\" stroke=\"#be1623\" stroke-linecap=\"round\" stroke-width=\"1\"\/>\r\n    <\/g>\r\n  <\/g>\r\n<\/svg><\/i>\n                                            <\/a>\n                                        <\/div>\r\n                                                                                                                    <div class=\"post-element post-35906\">\n                                            <a href=\"https:\/\/www.polandtastesgood.pl\/de\/aktuelles\/das-polnische-exportangebot-auf-der-messe-foodex-japan-2026\/\"\n                                               title=\"Das polnische Exportangebot auf der Messe Foodex Japan 2026\"\n                                               class=\"d-block post-element-thumb-img\">\n                                                <img width=\"768\" height=\"512\" src=\"https:\/\/www.polandtastesgood.pl\/wp-content\/uploads\/2026\/03\/FOODEX_JAPAN_2026_1-768x512.jpg\" class=\"img-fluid ptg-card-image\" alt=\"Das polnische Exportangebot auf der Messe Foodex Japan 2026\" loading=\"lazy\" decoding=\"async\" sizes=\"auto, (max-width: 767px) calc(100vw - 30px), (max-width: 1199px) calc(50vw - 30px), 400px\" srcset=\"https:\/\/www.polandtastesgood.pl\/wp-content\/uploads\/2026\/03\/FOODEX_JAPAN_2026_1-768x512.jpg 768w, https:\/\/www.polandtastesgood.pl\/wp-content\/uploads\/2026\/03\/FOODEX_JAPAN_2026_1-300x200.jpg 300w, https:\/\/www.polandtastesgood.pl\/wp-content\/uploads\/2026\/03\/FOODEX_JAPAN_2026_1-1024x683.jpg 1024w, https:\/\/www.polandtastesgood.pl\/wp-content\/uploads\/2026\/03\/FOODEX_JAPAN_2026_1-1536x1024.jpg 1536w, https:\/\/www.polandtastesgood.pl\/wp-content\/uploads\/2026\/03\/FOODEX_JAPAN_2026_1-2048x1365.jpg 2048w\" \/>                                                                                            <\/a>\n                                            <h3 class=\"ptg-news-card-title\">\n                                                <a href=\"https:\/\/www.polandtastesgood.pl\/de\/aktuelles\/das-polnische-exportangebot-auf-der-messe-foodex-japan-2026\/\">\n                                                    Das polnische Exportangebot auf der Messe Foodex Japan 2026                                                <\/a>\n                                            <\/h3>\n                                            <p>\n                                                <a href=\"https:\/\/www.polandtastesgood.pl\/de\/aktuelles\/das-polnische-exportangebot-auf-der-messe-foodex-japan-2026\/\">\n                                                    Am Dienstag, dem 10. M\u00e4rz 2026, begann in Tokio, Japan, die 51. Ausgabe der Messe Foodex Japan, einer der wichtigsten Messen der Lebensmittelbranche in Asien. Auf der Messe durfte das Nationale Zentrum f\u00fcr Landwirtschaftsf\u00f6rderung nicht fehlen, das bereits ...                                                <\/a>\n                                            <\/p>\n                                            <a class=\"read-more\"\n                                               aria-label=\"Mehr lesen: Das polnische Exportangebot auf der Messe Foodex Japan 2026\"\n                                               href=\"https:\/\/www.polandtastesgood.pl\/de\/aktuelles\/das-polnische-exportangebot-auf-der-messe-foodex-japan-2026\/\">\n                                                Weiterlesen                                                <i class=\"svg-ico\"><svg xmlns=\"http:\/\/www.w3.org\/2000\/svg\" width=\"49\" height=\"49\" viewBox=\"0 0 49 49\">\r\n  <g data-name=\"Group 8668\" transform=\"translate(-890 -1015)\">\r\n    <g  data-name=\"Rectangle 6958\" transform=\"translate(890 1015)\" fill=\"none\" stroke=\"#be1623\" stroke-width=\"1\">\r\n      <rect width=\"49\" height=\"49\" rx=\"24.5\" stroke=\"none\"\/>\r\n      <rect x=\"0.5\" y=\"0.5\" width=\"48\" height=\"48\" rx=\"24\" fill=\"none\"\/>\r\n    <\/g>\r\n    <g data-name=\"Group 8219\" transform=\"translate(905 1033.818)\">\r\n      <path data-name=\"Path 11457\" d=\"M-827.25-4028.516l5.133,5.42-5.133,5.286\" transform=\"translate(837.408 4028.516)\" fill=\"none\" stroke=\"#be1623\" stroke-linecap=\"round\" stroke-linejoin=\"round\" stroke-width=\"1\"\/>\r\n      <line data-name=\"Line 488\" x1=\"14.649\" transform=\"translate(0 5.42)\" fill=\"none\" stroke=\"#be1623\" stroke-linecap=\"round\" stroke-width=\"1\"\/>\r\n    <\/g>\r\n  <\/g>\r\n<\/svg><\/i>\n                                            <\/a>\n                                        <\/div>\r\n                                                                                                                    <div class=\"post-element post-35886\">\n                                            <a href=\"https:\/\/www.polandtastesgood.pl\/de\/aktuelles\/der-polnische-nationale-stand-auf-der-bio-messe-biofach-2026\/\"\n                                               title=\"Der polnische nationale Stand auf der Bio-Messe BIOFACH 2026\"\n                                               class=\"d-block post-element-thumb-img\">\n                                                <img width=\"768\" height=\"576\" src=\"https:\/\/www.polandtastesgood.pl\/wp-content\/uploads\/2026\/02\/BIOFACH_2026_1-768x576.jpeg\" class=\"img-fluid ptg-card-image\" alt=\"Der polnische nationale Stand auf der Bio-Messe BIOFACH 2026\" loading=\"lazy\" decoding=\"async\" sizes=\"auto, (max-width: 767px) calc(100vw - 30px), (max-width: 1199px) calc(50vw - 30px), 400px\" srcset=\"https:\/\/www.polandtastesgood.pl\/wp-content\/uploads\/2026\/02\/BIOFACH_2026_1-768x576.jpeg 768w, https:\/\/www.polandtastesgood.pl\/wp-content\/uploads\/2026\/02\/BIOFACH_2026_1-300x225.jpeg 300w, https:\/\/www.polandtastesgood.pl\/wp-content\/uploads\/2026\/02\/BIOFACH_2026_1-1024x768.jpeg 1024w, https:\/\/www.polandtastesgood.pl\/wp-content\/uploads\/2026\/02\/BIOFACH_2026_1-1536x1152.jpeg 1536w, https:\/\/www.polandtastesgood.pl\/wp-content\/uploads\/2026\/02\/BIOFACH_2026_1-2048x1536.jpeg 2048w\" \/>                                                                                            <\/a>\n                                            <h3 class=\"ptg-news-card-title\">\n                                                <a href=\"https:\/\/www.polandtastesgood.pl\/de\/aktuelles\/der-polnische-nationale-stand-auf-der-bio-messe-biofach-2026\/\">\n                                                    Der polnische nationale Stand auf der Bio-Messe BIOFACH 2026                                                <\/a>\n                                            <\/h3>\n                                            <p>\n                                                <a href=\"https:\/\/www.polandtastesgood.pl\/de\/aktuelles\/der-polnische-nationale-stand-auf-der-bio-messe-biofach-2026\/\">\n                                                    Vom 10. bis 13. Februar 2026 fand im Ausstellungszentrum N\u00fcrnberg die n\u00e4chste Ausgabe der Messe f\u00fcr Bio-Lebensmittel BIOFACH statt, auf der das Nationale Zentrum f\u00fcr Landwirtschaftsf\u00f6rderung (KOWR) wie jedes Jahr seit 2018 einen nationalen Messestan...                                                <\/a>\n                                            <\/p>\n                                            <a class=\"read-more\"\n                                               aria-label=\"Mehr lesen: Der polnische nationale Stand auf der Bio-Messe BIOFACH 2026\"\n                                               href=\"https:\/\/www.polandtastesgood.pl\/de\/aktuelles\/der-polnische-nationale-stand-auf-der-bio-messe-biofach-2026\/\">\n                                                Weiterlesen                                                <i class=\"svg-ico\"><svg xmlns=\"http:\/\/www.w3.org\/2000\/svg\" width=\"49\" height=\"49\" viewBox=\"0 0 49 49\">\r\n  <g data-name=\"Group 8668\" transform=\"translate(-890 -1015)\">\r\n    <g  data-name=\"Rectangle 6958\" transform=\"translate(890 1015)\" fill=\"none\" stroke=\"#be1623\" stroke-width=\"1\">\r\n      <rect width=\"49\" height=\"49\" rx=\"24.5\" stroke=\"none\"\/>\r\n      <rect x=\"0.5\" y=\"0.5\" width=\"48\" height=\"48\" rx=\"24\" fill=\"none\"\/>\r\n    <\/g>\r\n    <g data-name=\"Group 8219\" transform=\"translate(905 1033.818)\">\r\n      <path data-name=\"Path 11457\" d=\"M-827.25-4028.516l5.133,5.42-5.133,5.286\" transform=\"translate(837.408 4028.516)\" fill=\"none\" stroke=\"#be1623\" stroke-linecap=\"round\" stroke-linejoin=\"round\" stroke-width=\"1\"\/>\r\n      <line data-name=\"Line 488\" x1=\"14.649\" transform=\"translate(0 5.42)\" fill=\"none\" stroke=\"#be1623\" stroke-linecap=\"round\" stroke-width=\"1\"\/>\r\n    <\/g>\r\n  <\/g>\r\n<\/svg><\/i>\n                                            <\/a>\n                                        <\/div>\r\n                                                                                                                    <div class=\"post-element post-35803\">\n                                            <a href=\"https:\/\/www.polandtastesgood.pl\/de\/aktuelles\/polnische-suswaren-und-snacks-erobern-koln-auf-der-messe-ism-cologne-2026\/\"\n                                               title=\"Polnische S\u00fc\u00dfwaren und Snacks erobern K\u00f6ln auf der Messe ISM Cologne 2026\"\n                                               class=\"d-block post-element-thumb-img\">\n                                                <img width=\"768\" height=\"512\" src=\"https:\/\/www.polandtastesgood.pl\/wp-content\/uploads\/2026\/02\/KOWR_ISM_Kolonia_2026_1-768x512.jpg\" class=\"img-fluid ptg-card-image\" alt=\"Polnische S\u00fc\u00dfwaren und Snacks erobern K\u00f6ln auf der Messe ISM Cologne 2026\" loading=\"lazy\" decoding=\"async\" sizes=\"auto, (max-width: 767px) calc(100vw - 30px), (max-width: 1199px) calc(50vw - 30px), 400px\" srcset=\"https:\/\/www.polandtastesgood.pl\/wp-content\/uploads\/2026\/02\/KOWR_ISM_Kolonia_2026_1-768x512.jpg 768w, https:\/\/www.polandtastesgood.pl\/wp-content\/uploads\/2026\/02\/KOWR_ISM_Kolonia_2026_1-300x200.jpg 300w, https:\/\/www.polandtastesgood.pl\/wp-content\/uploads\/2026\/02\/KOWR_ISM_Kolonia_2026_1-1024x683.jpg 1024w, https:\/\/www.polandtastesgood.pl\/wp-content\/uploads\/2026\/02\/KOWR_ISM_Kolonia_2026_1-1536x1024.jpg 1536w, https:\/\/www.polandtastesgood.pl\/wp-content\/uploads\/2026\/02\/KOWR_ISM_Kolonia_2026_1-2048x1365.jpg 2048w\" \/>                                                                                            <\/a>\n                                            <h3 class=\"ptg-news-card-title\">\n                                                <a href=\"https:\/\/www.polandtastesgood.pl\/de\/aktuelles\/polnische-suswaren-und-snacks-erobern-koln-auf-der-messe-ism-cologne-2026\/\">\n                                                    Polnische S\u00fc\u00dfwaren und Snacks erobern K\u00f6ln auf der Messe ISM Cologne 2026                                                <\/a>\n                                            <\/h3>\n                                            <p>\n                                                <a href=\"https:\/\/www.polandtastesgood.pl\/de\/aktuelles\/polnische-suswaren-und-snacks-erobern-koln-auf-der-messe-ism-cologne-2026\/\">\n                                                    Das Nationale Zentrum f\u00fcr Landwirtschaftsf\u00f6rderung (KOWR) organisiert zum sechsten Mal einen nationalen Stand auf der weltweit gr\u00f6\u00dften Messe f\u00fcr S\u00fc\u00dfwaren und Snacks, der ISM Cologne. Polnische Hersteller pr\u00e4sentier...                                                <\/a>\n                                            <\/p>\n                                            <a class=\"read-more\"\n                                               aria-label=\"Mehr lesen: Polnische S\u00fc\u00dfwaren und Snacks erobern K\u00f6ln auf der Messe ISM Cologne 2026\"\n                                               href=\"https:\/\/www.polandtastesgood.pl\/de\/aktuelles\/polnische-suswaren-und-snacks-erobern-koln-auf-der-messe-ism-cologne-2026\/\">\n                                                Weiterlesen                                                <i class=\"svg-ico\"><svg xmlns=\"http:\/\/www.w3.org\/2000\/svg\" width=\"49\" height=\"49\" viewBox=\"0 0 49 49\">\r\n  <g data-name=\"Group 8668\" transform=\"translate(-890 -1015)\">\r\n    <g  data-name=\"Rectangle 6958\" transform=\"translate(890 1015)\" fill=\"none\" stroke=\"#be1623\" stroke-width=\"1\">\r\n      <rect width=\"49\" height=\"49\" rx=\"24.5\" stroke=\"none\"\/>\r\n      <rect x=\"0.5\" y=\"0.5\" width=\"48\" height=\"48\" rx=\"24\" fill=\"none\"\/>\r\n    <\/g>\r\n    <g data-name=\"Group 8219\" transform=\"translate(905 1033.818)\">\r\n      <path data-name=\"Path 11457\" d=\"M-827.25-4028.516l5.133,5.42-5.133,5.286\" transform=\"translate(837.408 4028.516)\" fill=\"none\" stroke=\"#be1623\" stroke-linecap=\"round\" stroke-linejoin=\"round\" stroke-width=\"1\"\/>\r\n      <line data-name=\"Line 488\" x1=\"14.649\" transform=\"translate(0 5.42)\" fill=\"none\" stroke=\"#be1623\" stroke-linecap=\"round\" stroke-width=\"1\"\/>\r\n    <\/g>\r\n  <\/g>\r\n<\/svg><\/i>\n                                            <\/a>\n                                        <\/div>\r\n                                                                                                                    <div class=\"post-element post-35785\">\n                                            <a href=\"https:\/\/www.polandtastesgood.pl\/de\/aktuelles\/polnischer-nationalstand-auf-der-messe-gulfood-2026\/\"\n                                               title=\"Polnischer Nationalstand auf der Messe GULFOOD 2026\"\n                                               class=\"d-block post-element-thumb-img\">\n                                                <img width=\"768\" height=\"450\" src=\"https:\/\/www.polandtastesgood.pl\/wp-content\/uploads\/2026\/01\/GULFOOD_2026_1-768x450.jpg\" class=\"img-fluid ptg-card-image\" alt=\"Polnischer Nationalstand auf der Messe GULFOOD 2026\" loading=\"lazy\" decoding=\"async\" sizes=\"auto, (max-width: 767px) calc(100vw - 30px), (max-width: 1199px) calc(50vw - 30px), 400px\" srcset=\"https:\/\/www.polandtastesgood.pl\/wp-content\/uploads\/2026\/01\/GULFOOD_2026_1-768x450.jpg 768w, https:\/\/www.polandtastesgood.pl\/wp-content\/uploads\/2026\/01\/GULFOOD_2026_1-300x176.jpg 300w, https:\/\/www.polandtastesgood.pl\/wp-content\/uploads\/2026\/01\/GULFOOD_2026_1-1024x600.jpg 1024w, https:\/\/www.polandtastesgood.pl\/wp-content\/uploads\/2026\/01\/GULFOOD_2026_1-1536x901.jpg 1536w, https:\/\/www.polandtastesgood.pl\/wp-content\/uploads\/2026\/01\/GULFOOD_2026_1-2048x1201.jpg 2048w\" \/>                                                                                            <\/a>\n                                            <h3 class=\"ptg-news-card-title\">\n                                                <a href=\"https:\/\/www.polandtastesgood.pl\/de\/aktuelles\/polnischer-nationalstand-auf-der-messe-gulfood-2026\/\">\n                                                    Polnischer Nationalstand auf der Messe GULFOOD 2026                                                <\/a>\n                                            <\/h3>\n                                            <p>\n                                                <a href=\"https:\/\/www.polandtastesgood.pl\/de\/aktuelles\/polnischer-nationalstand-auf-der-messe-gulfood-2026\/\">\n                                                    Am 26. Januar 2026 begann in Dubai eine neue Ausgabe der f\u00fcnft\u00e4gigen Messe GULFOOD. Zum ersten Mal findet die Messe an zwei Standorten statt. An beiden Veranstaltungsorten wird es an polnischen Ausstellern nicht mangeln. Einige von ihnen stellen gemeinsam m...                                                <\/a>\n                                            <\/p>\n                                            <a class=\"read-more\"\n                                               aria-label=\"Mehr lesen: Polnischer Nationalstand auf der Messe GULFOOD 2026\"\n                                               href=\"https:\/\/www.polandtastesgood.pl\/de\/aktuelles\/polnischer-nationalstand-auf-der-messe-gulfood-2026\/\">\n                                                Weiterlesen                                                <i class=\"svg-ico\"><svg xmlns=\"http:\/\/www.w3.org\/2000\/svg\" width=\"49\" height=\"49\" viewBox=\"0 0 49 49\">\r\n  <g data-name=\"Group 8668\" transform=\"translate(-890 -1015)\">\r\n    <g  data-name=\"Rectangle 6958\" transform=\"translate(890 1015)\" fill=\"none\" stroke=\"#be1623\" stroke-width=\"1\">\r\n      <rect width=\"49\" height=\"49\" rx=\"24.5\" stroke=\"none\"\/>\r\n      <rect x=\"0.5\" y=\"0.5\" width=\"48\" height=\"48\" rx=\"24\" fill=\"none\"\/>\r\n    <\/g>\r\n    <g data-name=\"Group 8219\" transform=\"translate(905 1033.818)\">\r\n      <path data-name=\"Path 11457\" d=\"M-827.25-4028.516l5.133,5.42-5.133,5.286\" transform=\"translate(837.408 4028.516)\" fill=\"none\" stroke=\"#be1623\" stroke-linecap=\"round\" stroke-linejoin=\"round\" stroke-width=\"1\"\/>\r\n      <line data-name=\"Line 488\" x1=\"14.649\" transform=\"translate(0 5.42)\" fill=\"none\" stroke=\"#be1623\" stroke-linecap=\"round\" stroke-width=\"1\"\/>\r\n    <\/g>\r\n  <\/g>\r\n<\/svg><\/i>\n                                            <\/a>\n                                        <\/div>\r\n                                                                                                                    <div class=\"post-element post-35773\">\n                                            <a href=\"https:\/\/www.polandtastesgood.pl\/de\/aktuelles\/polnischer-nationalstand-auf-der-100-ausgabe-der-grunen-woche-in-berlin\/\"\n                                               title=\"Polnischer Nationalstand auf der 100. Ausgabe der Gr\u00fcnen Woche in Berlin\"\n                                               class=\"d-block post-element-thumb-img\">\n                                                <img width=\"768\" height=\"535\" src=\"https:\/\/www.polandtastesgood.pl\/wp-content\/uploads\/2026\/01\/IGW-BERLIN-2026_1-768x535.jpeg\" class=\"img-fluid ptg-card-image\" alt=\"Polnischer Nationalstand auf der 100. Ausgabe der Gr\u00fcnen Woche in Berlin\" loading=\"lazy\" decoding=\"async\" sizes=\"auto, (max-width: 767px) calc(100vw - 30px), (max-width: 1199px) calc(50vw - 30px), 400px\" srcset=\"https:\/\/www.polandtastesgood.pl\/wp-content\/uploads\/2026\/01\/IGW-BERLIN-2026_1-768x535.jpeg 768w, https:\/\/www.polandtastesgood.pl\/wp-content\/uploads\/2026\/01\/IGW-BERLIN-2026_1-300x209.jpeg 300w, https:\/\/www.polandtastesgood.pl\/wp-content\/uploads\/2026\/01\/IGW-BERLIN-2026_1-1024x713.jpeg 1024w, https:\/\/www.polandtastesgood.pl\/wp-content\/uploads\/2026\/01\/IGW-BERLIN-2026_1-1536x1070.jpeg 1536w, https:\/\/www.polandtastesgood.pl\/wp-content\/uploads\/2026\/01\/IGW-BERLIN-2026_1-2048x1427.jpeg 2048w\" \/>                                                                                            <\/a>\n                                            <h3 class=\"ptg-news-card-title\">\n                                                <a href=\"https:\/\/www.polandtastesgood.pl\/de\/aktuelles\/polnischer-nationalstand-auf-der-100-ausgabe-der-grunen-woche-in-berlin\/\">\n                                                    Polnischer Nationalstand auf der 100. Ausgabe der Gr\u00fcnen Woche in Berlin                                                <\/a>\n                                            <\/h3>\n                                            <p>\n                                                <a href=\"https:\/\/www.polandtastesgood.pl\/de\/aktuelles\/polnischer-nationalstand-auf-der-100-ausgabe-der-grunen-woche-in-berlin\/\">\n                                                    Am 16. Januar 2026 begann in Berlin die 100. Jubil\u00e4umsausgabe der internationalen Fachmesse f\u00fcr Ern\u00e4hrung, Landwirtschaft und Gartenbau Gr\u00fcne Woche, auf der KOWR erneut einen nationalen Stand organisiert, dieses Jahr mit einer Rekordfl\u00e4che von 749 m\u00b2. Gemei...                                                <\/a>\n                                            <\/p>\n                                            <a class=\"read-more\"\n                                               aria-label=\"Mehr lesen: Polnischer Nationalstand auf der 100. Ausgabe der Gr\u00fcnen Woche in Berlin\"\n                                               href=\"https:\/\/www.polandtastesgood.pl\/de\/aktuelles\/polnischer-nationalstand-auf-der-100-ausgabe-der-grunen-woche-in-berlin\/\">\n                                                Weiterlesen                                                <i class=\"svg-ico\"><svg xmlns=\"http:\/\/www.w3.org\/2000\/svg\" width=\"49\" height=\"49\" viewBox=\"0 0 49 49\">\r\n  <g data-name=\"Group 8668\" transform=\"translate(-890 -1015)\">\r\n    <g  data-name=\"Rectangle 6958\" transform=\"translate(890 1015)\" fill=\"none\" stroke=\"#be1623\" stroke-width=\"1\">\r\n      <rect width=\"49\" height=\"49\" rx=\"24.5\" stroke=\"none\"\/>\r\n      <rect x=\"0.5\" y=\"0.5\" width=\"48\" height=\"48\" rx=\"24\" fill=\"none\"\/>\r\n    <\/g>\r\n    <g data-name=\"Group 8219\" transform=\"translate(905 1033.818)\">\r\n      <path data-name=\"Path 11457\" d=\"M-827.25-4028.516l5.133,5.42-5.133,5.286\" transform=\"translate(837.408 4028.516)\" fill=\"none\" stroke=\"#be1623\" stroke-linecap=\"round\" stroke-linejoin=\"round\" stroke-width=\"1\"\/>\r\n      <line data-name=\"Line 488\" x1=\"14.649\" transform=\"translate(0 5.42)\" fill=\"none\" stroke=\"#be1623\" stroke-linecap=\"round\" stroke-width=\"1\"\/>\r\n    <\/g>\r\n  <\/g>\r\n<\/svg><\/i>\n                                            <\/a>\n                                        <\/div>\r\n                                                                                                                    <div class=\"post-element post-34019\">\n                                            <a href=\"https:\/\/www.polandtastesgood.pl\/de\/aktuelles\/polnischer-nationalstand-auf-der-messe-food-africa-cairo-2025\/\"\n                                               title=\"Polnischer Nationalstand auf der Messe Food Africa Cairo 2025\"\n                                               class=\"d-block post-element-thumb-img\">\n                                                <img width=\"768\" height=\"809\" src=\"https:\/\/www.polandtastesgood.pl\/wp-content\/uploads\/2025\/12\/otwarcie-1-768x809.jpg\" class=\"img-fluid ptg-card-image\" alt=\"Polnischer Nationalstand auf der Messe Food Africa Cairo 2025\" loading=\"lazy\" decoding=\"async\" sizes=\"auto, (max-width: 767px) calc(100vw - 30px), (max-width: 1199px) calc(50vw - 30px), 400px\" srcset=\"https:\/\/www.polandtastesgood.pl\/wp-content\/uploads\/2025\/12\/otwarcie-1-768x809.jpg 768w, https:\/\/www.polandtastesgood.pl\/wp-content\/uploads\/2025\/12\/otwarcie-1-285x300.jpg 285w, https:\/\/www.polandtastesgood.pl\/wp-content\/uploads\/2025\/12\/otwarcie-1-972x1024.jpg 972w, https:\/\/www.polandtastesgood.pl\/wp-content\/uploads\/2025\/12\/otwarcie-1.jpg 1449w\" \/>                                                                                            <\/a>\n                                            <h3 class=\"ptg-news-card-title\">\n                                                <a href=\"https:\/\/www.polandtastesgood.pl\/de\/aktuelles\/polnischer-nationalstand-auf-der-messe-food-africa-cairo-2025\/\">\n                                                    Polnischer Nationalstand auf der Messe Food Africa Cairo 2025                                                <\/a>\n                                            <\/h3>\n                                            <p>\n                                                <a href=\"https:\/\/www.polandtastesgood.pl\/de\/aktuelles\/polnischer-nationalstand-auf-der-messe-food-africa-cairo-2025\/\">\n                                                    Das Nationale Zentrum f\u00fcr F\u00f6rderung der Landwirtschaft (KOWR) nimmt erneut an der seit 10 Jahren in Kairo, \u00c4gypten, stattfindenden Messe Food Africa Cairo teil. Die diesj\u00e4hrige Ausgabe findet vom 9. bis 12. Dezember 2025 statt, die Messe ha...                                                <\/a>\n                                            <\/p>\n                                            <a class=\"read-more\"\n                                               aria-label=\"Mehr lesen: Polnischer Nationalstand auf der Messe Food Africa Cairo 2025\"\n                                               href=\"https:\/\/www.polandtastesgood.pl\/de\/aktuelles\/polnischer-nationalstand-auf-der-messe-food-africa-cairo-2025\/\">\n                                                Weiterlesen                                                <i class=\"svg-ico\"><svg xmlns=\"http:\/\/www.w3.org\/2000\/svg\" width=\"49\" height=\"49\" viewBox=\"0 0 49 49\">\r\n  <g data-name=\"Group 8668\" transform=\"translate(-890 -1015)\">\r\n    <g  data-name=\"Rectangle 6958\" transform=\"translate(890 1015)\" fill=\"none\" stroke=\"#be1623\" stroke-width=\"1\">\r\n      <rect width=\"49\" height=\"49\" rx=\"24.5\" stroke=\"none\"\/>\r\n      <rect x=\"0.5\" y=\"0.5\" width=\"48\" height=\"48\" rx=\"24\" fill=\"none\"\/>\r\n    <\/g>\r\n    <g data-name=\"Group 8219\" transform=\"translate(905 1033.818)\">\r\n      <path data-name=\"Path 11457\" d=\"M-827.25-4028.516l5.133,5.42-5.133,5.286\" transform=\"translate(837.408 4028.516)\" fill=\"none\" stroke=\"#be1623\" stroke-linecap=\"round\" stroke-linejoin=\"round\" stroke-width=\"1\"\/>\r\n      <line data-name=\"Line 488\" x1=\"14.649\" transform=\"translate(0 5.42)\" fill=\"none\" stroke=\"#be1623\" stroke-linecap=\"round\" stroke-width=\"1\"\/>\r\n    <\/g>\r\n  <\/g>\r\n<\/svg><\/i>\n                                            <\/a>\n                                        <\/div>\r\n                                                                    <\/div>\r\n                            <\/div>\r\n                                                <div class=\"col-12 text-center\">\r\n                            <a href=\"https:\/\/www.polandtastesgood.pl\/pl\/kategoria\/aktualnosci\/\"\r\n                               class=\"btn btn-blank d-md-none mt-5\">Alles sehen<\/a>\r\n                        <\/div>\r\n                    <\/div>\r\n                <\/div>\r\n            <\/section>\r\n            <!-- EOF MODULE HTML -->\r\n                        <!-- BOF MODULE HTML -->\r\n            <section class=\"home-events pt-5 pb-5\">\r\n                <div class=\"container\">\r\n                    <div class=\"row align-items-center\">\r\n                        <div class=\"col-12 col-md-6\">\r\n                            <h2 class=\"m-0 ptg-section-title\">Eventkalender<\/h2>\n                        <\/div>\r\n                        <div class=\"col-6 text-right\">\r\n                            <a href=\"https:\/\/www.polandtastesgood.pl\/de\/\/wydarzenia\"\r\n                               class=\"btn btn-blank d-none d-md-inline-block\">Alles sehen<\/a>\r\n                        <\/div>\r\n                    <\/div>\r\n                    <div class=\"row pt-5 pb-5\">\r\n                        <!-- calendar -->\r\n                        <div class=\"col-12 col-lg-4 mb-5 mb-lg-0\">\r\n                            <div id=\"calendarWidget\"\n     role=\"region\"\n     aria-label=\"Veranstaltungskalender\"\n     aria-busy=\"true\">\n    <span class=\"sr-only\" role=\"status\">Veranstaltungskalender wird geladen<\/span>\n<\/div>\n<script>\n    window.addEventListener('load', function () {\n        jQuery(function ($) {\n            var $widget = $('#calendarWidget');\n            var labels = {\"calendar\":\"Veranstaltungskalender\",\"previousMonth\":\"Vorheriger Monat\",\"nextMonth\":\"N\u00e4chster Monat\",\"closeEvents\":\"Veranstaltungen des ausgew\u00e4hlten Tages schlie\u00dfen\",\"loading\":\"Veranstaltungskalender wird geladen\",\"error\":\"Der Veranstaltungskalender konnte nicht geladen werden.\",\"eventDay\":\"%1$s: %2$d Veranstaltungen\"};\n            var locale = document.documentElement.lang || 'pl-PL';\n            var lastSelectedDay = null;\n\n            function enhanceCalendar() {\n                var $calendar = $widget.find('.calendar');\n                $calendar.find('.month .year').each(function () {\n                    $(this).replaceWith($('<span>', {class: 'year', text: $(this).text()}));\n                });\n                var monthText = $calendar.find('.month').text().replace(\/\\s+\/g, ' ').trim();\n\n                $calendar.find('.month').attr({\n                    id: 'ptg-calendar-month',\n                    'aria-live': 'polite',\n                    'aria-atomic': 'true'\n                });\n                $calendar.find('.btn-prev').attr({type: 'button', 'aria-label': labels.previousMonth}).find('span').attr('aria-hidden', 'true');\n                $calendar.find('.btn-next').attr({type: 'button', 'aria-label': labels.nextMonth}).find('span').attr('aria-hidden', 'true');\n\n                var $table = $calendar.find('table').attr('aria-labelledby', 'ptg-calendar-month');\n                $table.find('caption').remove();\n                $table.prepend($('<caption>', {class: 'sr-only', text: labels.calendar + ': ' + monthText}));\n                $table.find('thead td').each(function (index) {\n                    var fullDay = [\"Montag\",\"Dienstag\",\"Mittwoch\",\"Donnerstag\",\"Freitag\",\"Samstag\",\"Sonntag\"][index] || $(this).text();\n                    $(this).replaceWith($('<th>', {scope: 'col'}).append($('<abbr>', {title: fullDay, text: $(this).text()})));\n                });\n                if ($table.find('thead > th').length) {\n                    $table.find('thead > th').wrapAll('<tr><\/tr>');\n                }\n                $table.find('td[tabindex]').removeAttr('tabindex');\n\n                $calendar.find('.day').each(function () {\n                    var $day = $(this);\n                    var isoDate = $day.attr('data-date');\n                    var date = isoDate ? new Date(isoDate) : null;\n                    var dateLabel = date && !isNaN(date.getTime())\n                        ? new Intl.DateTimeFormat(locale, {weekday: 'long', day: 'numeric', month: 'long', year: 'numeric'}).format(date)\n                        : $day.find('.day-number').text();\n                    var eventCount = ($day.data('todayEvents') || []).length;\n                    $day.find('.events-category').attr('aria-hidden', 'true');\n\n                    if ($day.hasClass('has-event') && !$day.hasClass('disabled') && !$day.is('button')) {\n                        var accessibleLabel = labels.eventDay.replace('%1$s', dateLabel).replace('%2$d', eventCount);\n                        var $button = $('<button>', {\n                            type: 'button',\n                            class: $day.attr('class'),\n                            'data-date': isoDate,\n                            'aria-label': accessibleLabel,\n                            html: $day.html()\n                        });\n                        if ($day.hasClass('today')) {\n                            $button.attr('aria-current', 'date');\n                        }\n                        $day.replaceWith($button);\n                    } else if (!$day.is('button')) {\n                        $day.attr('aria-label', dateLabel);\n                        if ($day.hasClass('today')) {\n                            $day.attr('aria-current', 'date');\n                        }\n                    }\n                });\n\n                var $eventContainer = $calendar.find('.event-container').attr({\n                    role: 'region',\n                    'aria-label': labels.calendar,\n                    'aria-live': 'polite'\n                });\n                var $close = $eventContainer.find('.close');\n                if (!$close.is('button')) {\n                    $close.replaceWith($('<button>', {type: 'button', class: 'close', 'aria-label': labels.closeEvents}));\n                } else {\n                    $close.attr({'type': 'button', 'aria-label': labels.closeEvents});\n                }\n            }\n\n            $widget.on('click', 'button.day.has-event', function () {\n                lastSelectedDay = this;\n                window.setTimeout(function () {\n                    $widget.find('.event-container .close:visible').trigger('focus');\n                }, 550);\n            });\n            $widget.on('click', '.event-container .close', function () {\n                if (lastSelectedDay && document.contains(lastSelectedDay)) {\n                    window.setTimeout(function () { lastSelectedDay.focus(); }, 0);\n                }\n            });\n            $widget.on('keydown', '.event-container', function (event) {\n                if (event.key === 'Escape') {\n                    event.preventDefault();\n                    $widget.find('.event-container .close').trigger('click');\n                }\n            });\n\n            fetch('https:\/\/www.polandtastesgood.pl\/de\/wp-json\/events\/v1\/events')\n                .then(function (response) {\n                    if (!response.ok) {\n                        throw new Error('HTTP ' + response.status);\n                    }\n                    return response.json();\n                })\n                .then(function (data) {\n                    $widget.empty().simpleCalendar({\n                        months: [\"Januar\",\"Februar\",\"M\u00e4rz\",\"April\",\"Kann\",\"Juni\",\"Juli\",\"August\",\"September\",\"Oktober\",\"November\",\"Dezember\"],\n                        days: [\"Sonntag\",\"Montag\",\"Dienstag\",\"Mittwoch\",\"Donnerstag\",\"Freitag\",\"Samstag\"],\n                        displayYear: true,\n                        fixedStartDay: true,\n                        displayEvent: true,\n                        disableEventDetails: false,\n                        disableEmptyDetails: true,\n                        events: Array.isArray(data) ? data : [],\n                        onInit: enhanceCalendar,\n                        onMonthChange: enhanceCalendar\n                    });\n                    $widget.attr('aria-busy', 'false');\n                })\n                .catch(function () {\n                    $widget.attr('aria-busy', 'false').html($('<p>', {role: 'alert', text: labels.error}));\n                });\n        });\n    });\n<\/script>\n                        <\/div>\r\n                        <!-- calendar -->\r\n                        <!-- events -->\r\n                        <div class=\"col-12 col-lg-8\">\r\n                            <div class=\"row\">\r\n                                                                                                    <div class=\"col-12 col-md-6 mb-4\">\r\n    <div class=\"post-element post-36431\">\r\n        <div title=\"FINE FOOD AUSTRALIA 2026 &#8211; Polnischer Nationalstand\"\n             class=\"d-block post-element-thumb-img\">\n            <img width=\"768\" height=\"405\" src=\"https:\/\/www.polandtastesgood.pl\/wp-content\/uploads\/2026\/02\/Melbourne-768x405.jpeg\" class=\"img-fluid ptg-card-image\" alt=\"FINE FOOD AUSTRALIA 2026 &#8211; Polnischer Nationalstand\" loading=\"lazy\" decoding=\"async\" sizes=\"auto, (max-width: 767px) calc(100vw - 30px), (max-width: 1199px) calc(50vw - 30px), 400px\" srcset=\"https:\/\/www.polandtastesgood.pl\/wp-content\/uploads\/2026\/02\/Melbourne-768x405.jpeg 768w, https:\/\/www.polandtastesgood.pl\/wp-content\/uploads\/2026\/02\/Melbourne-300x158.jpeg 300w, https:\/\/www.polandtastesgood.pl\/wp-content\/uploads\/2026\/02\/Melbourne-1024x540.jpeg 1024w, https:\/\/www.polandtastesgood.pl\/wp-content\/uploads\/2026\/02\/Melbourne-1536x809.jpeg 1536w, https:\/\/www.polandtastesgood.pl\/wp-content\/uploads\/2026\/02\/Melbourne-2048x1079.jpeg 2048w\" \/>            <!-- data details -->\r\n                        <div class=\"data-details-wrapper\" >\r\n                <div class=\"data-details\">\r\n                    <div class=\"d-flex flex-column\">\r\n                        <div class=\"d-flex\">\r\n                            <div><div class=\"pr-md-3\"><i class=\"far fa-calendar-check\"><\/i><\/div><\/div>\r\n                            <div>\r\n                                <span class=\"day \">31<\/span>\r\n                                <span class=\"month \">Aug.<\/span>\r\n                            <\/div>\r\n                        <\/div>\r\n\r\n                        <div class=\"d-flex\">\r\n                                                            <div><i class=\"far fa-calendar-times\"><\/i><\/div>\r\n                                <div>\r\n                                    <span class=\"day \">03<\/span>\r\n                                    <span class=\"month \">Sep.<\/span>\r\n                                <\/div>\r\n                                                    <\/div>\r\n\r\n                    <\/div>\r\n                <\/div>\r\n                <div class=\"event-location-details\">\r\n                                            <div class=\"event-location d-block\">\r\n                            <i class=\"fa fa-map-marker\" aria-hidden=\"true\"><\/i>\r\n                            <div class=\"tribe-venue-location\">\r\n                                <address class=\"tribe-events-address\">\r\n                                    <span class=\"tribe-address\">\n\n<span class=\"tribe-street-address\">1 Convention Centre Pl, South Wharf VIC 3006<\/span>\n\t\n\t\t<br>\n\t\t<span class=\"tribe-locality\">Melbourne<\/span><span class=\"tribe-delimiter\">,<\/span>\n\n\n\n\t<span class=\"tribe-country-name\">Australia<\/span>\n\n<\/span>\n                                <\/address>\r\n                            <\/div>\r\n                        <\/div>\r\n                    <!--                    --><!--                        <div class=\"event-time d-bClock\">-->\r\n<!--                            <i class=\"fa fa-clock-o\" aria-hidden=\"true\"><\/i> --><!--                        <\/div>-->\r\n<!--                    -->                <\/div>\r\n            <\/div>\r\n            <!-- data details -->\r\n        <\/div>\r\n        <div class=\"py-2 px-4\">\r\n            <h2 class=\"ptg-card-title\">\n                FINE FOOD AUSTRALIA 2026 &#8211; Polnischer Nationalstand            <\/h2>\n            <p>\r\n                Das Nationale Zentrum f\u00fcr die F\u00f6rderung der Landwirtschaft plant den polnischen Nationalstand auf der Messe Fine Food Australia 2026, die v...            <\/p>\r\n            <a class=\"read-more\"\n               aria-label=\"Mehr lesen: FINE FOOD AUSTRALIA 2026 &#8211; Polnischer Nationalstand\"\n               href=\"https:\/\/www.polandtastesgood.pl\/de\/veranstaltungen\/fine-food-australia-2026-polnischer-nationalstand\/\">Weiterlesen<\/a>\n        <\/div>\r\n    <\/div>\r\n<\/div>\n                                                                    <div class=\"col-12 col-md-6 mb-4\">\r\n    <div class=\"post-element post-36445\">\r\n        <div title=\"Espacio Food Service 2026 &#8211; Polnischer Nationalstand\"\n             class=\"d-block post-element-thumb-img\">\n            <img width=\"768\" height=\"324\" src=\"https:\/\/www.polandtastesgood.pl\/wp-content\/uploads\/2026\/03\/chile5-768x324.png\" class=\"img-fluid ptg-card-image\" alt=\"Espacio Food Service 2026 &#8211; Polnischer Nationalstand\" loading=\"lazy\" decoding=\"async\" sizes=\"auto, (max-width: 767px) calc(100vw - 30px), (max-width: 1199px) calc(50vw - 30px), 400px\" srcset=\"https:\/\/www.polandtastesgood.pl\/wp-content\/uploads\/2026\/03\/chile5-768x324.png 768w, https:\/\/www.polandtastesgood.pl\/wp-content\/uploads\/2026\/03\/chile5-300x127.png 300w, https:\/\/www.polandtastesgood.pl\/wp-content\/uploads\/2026\/03\/chile5-1024x432.png 1024w, https:\/\/www.polandtastesgood.pl\/wp-content\/uploads\/2026\/03\/chile5.png 1460w\" \/>            <!-- data details -->\r\n                        <div class=\"data-details-wrapper\" >\r\n                <div class=\"data-details\">\r\n                    <div class=\"d-flex flex-column\">\r\n                        <div class=\"d-flex\">\r\n                            <div><div class=\"pr-md-3\"><i class=\"far fa-calendar-check\"><\/i><\/div><\/div>\r\n                            <div>\r\n                                <span class=\"day \">29<\/span>\r\n                                <span class=\"month \">Sep.<\/span>\r\n                            <\/div>\r\n                        <\/div>\r\n\r\n                        <div class=\"d-flex\">\r\n                                                            <div><i class=\"far fa-calendar-times\"><\/i><\/div>\r\n                                <div>\r\n                                    <span class=\"day \">01<\/span>\r\n                                    <span class=\"month \">Okt.<\/span>\r\n                                <\/div>\r\n                                                    <\/div>\r\n\r\n                    <\/div>\r\n                <\/div>\r\n                <div class=\"event-location-details\">\r\n                                            <div class=\"event-location d-block\">\r\n                            <i class=\"fa fa-map-marker\" aria-hidden=\"true\"><\/i>\r\n                            <div class=\"tribe-venue-location\">\r\n                                <address class=\"tribe-events-address\">\r\n                                    <span class=\"tribe-address\">\n\n<span class=\"tribe-street-address\">Av. El Salto 5000, 8440000 Huechuraba<\/span>\n\t\n\t\t<br>\n\t\t<span class=\"tribe-locality\">Santiago de Chile<\/span><span class=\"tribe-delimiter\">,<\/span>\n\n\n\n\t<span class=\"tribe-country-name\">Chile<\/span>\n\n<\/span>\n                                <\/address>\r\n                            <\/div>\r\n                        <\/div>\r\n                    <!--                    --><!--                        <div class=\"event-time d-bClock\">-->\r\n<!--                            <i class=\"fa fa-clock-o\" aria-hidden=\"true\"><\/i> --><!--                        <\/div>-->\r\n<!--                    -->                <\/div>\r\n            <\/div>\r\n            <!-- data details -->\r\n        <\/div>\r\n        <div class=\"py-2 px-4\">\r\n            <h2 class=\"ptg-card-title\">\n                Espacio Food Service 2026 &#8211; Polnischer Nationalstand            <\/h2>\n            <p>\r\n                Das Nationale Zentrum f\u00fcr die F\u00f6rderung der Landwirtschaft plant die Organisation des polnischen Nationalstandes auf der Messe Espacio Food Service 2026, die vom 29. September bis zum 1. Oktober 2026 in Santiago de Ch...            <\/p>\r\n            <a class=\"read-more\"\n               aria-label=\"Mehr lesen: Espacio Food Service 2026 &#8211; Polnischer Nationalstand\"\n               href=\"https:\/\/www.polandtastesgood.pl\/de\/veranstaltungen\/espacio-food-service-2026-polnischer-nationalstand\/\">Weiterlesen<\/a>\n        <\/div>\r\n    <\/div>\r\n<\/div>\n                                                            <\/div>\r\n                                                        <div class=\"col-12 text-center\">\r\n                                <a href=\"https:\/\/www.polandtastesgood.pl\/de\/\/wydarzenia\"\r\n                                   class=\"btn btn-blank d-md-none mt-5\">Alles sehen<\/a>\r\n                            <\/div>\r\n                        <\/div>\r\n                    <\/div>\r\n                    <!-- events -->\r\n                <\/div>\r\n            <\/section>\r\n            <!-- EOF MODULE HTML -->\r\n                        <!-- BOF MODULE HTML -->\n            <section class=\"companies-section pt-0 mt-5\">\n                                    <div class=\"section-cover\" style=\"background-image: url('https:\/\/www.polandtastesgood.pl\/wp-content\/uploads\/2021\/03\/przedsiebiorcy.jpg');\"><\/div>\n                                <div class=\"container\">\n                    <div class=\"row\">\n                        <div class=\"col-12\">\n                            <h2 class=\"ptg-section-title\">Lebensmittelhersteller<\/h2>\n                            <div class=\"row justify-content-center\">\n                                <div class=\"col-12 col-md-7 col-lg-5\">\n                                    <form action=\"https:\/\/www.polandtastesgood.pl\/de\/lebensmittelproduzenten\/\"\n                                          class=\"form mb-5 pb-4\">\n                                        <div class=\"input-group\">\n                                            <label for=\"stext\"\n                                                   class=\"d-none\">Geben Sie Ihren Suchbegriff ein<\/label>\n                                            <input type=\"text\" class=\"form-control\"\n                                                   name=\"s\"\n                                                   id=\"stext\"\n                                                   placeholder=\"Geben Sie Ihren Suchbegriff ein\"\/>\n                                            <button class=\"btn btn-outline-secondary\" type=\"submit\" id=\"button-addon2\"\n                                                    aria-label=\"Suchen\">\n                                                <i class=\"fa fa-search\" aria-hidden=\"true\"><\/i>\n                                            <\/button>\n                                        <\/div>\n                                    <\/form>\n                                <\/div>\n                            <\/div>\n                                                            <div class=\"row\">\n                                    <div class=\"col-12 text-center\">\n                                        <div class=\"companies-slider-wrapper\">\n                                            <div class=\"companies-slider owl-carousel owl-theme\">\n                                                                                                    <a href=\"https:\/\/www.polandtastesgood.pl\/de\/lebensmittelproduzenten\/naturfrut\/\">\n                                                        <img decoding=\"async\" src=\"https:\/\/www.polandtastesgood.pl\/wp-content\/uploads\/2025\/01\/IMG_1650-150x150.jpeg\"\n                                                             alt=\"Naturfrut\">\n                                                    <\/a>\n                                                                                            <\/div>\n                                            <a href=\"https:\/\/www.polandtastesgood.pl\/de\/lebensmittelproduzenten\/\"\n                                               class=\"btn btn-primary\">Firmenkatalog<\/a>\n                                        <\/div>\n                                    <\/div>\n                                <\/div>\n                                                    <\/div>\n                    <\/div>\n                <\/div>\n            <\/section>\n            <!-- EOF MODULE HTML -->\n            [\/vc_column][\/vc_row][vc_row full_width=&#8220;stretch_row&#8220; equal_height=&#8220;yes&#8220; css=&#8220;.vc_custom_1614085003091{margin-top: 140px !important;margin-bottom: 140px !important;}&#8220;][vc_column width=&#8220;5\/12&#8243;][vc_column_text]<\/p>\n<h2>\u00dcber das Projekt<\/h2>\n<p>Das Nationale Zentrum zur Unterst\u00fctzung der Landwirtschaft in Polen ist die wichtigste Einrichtung, die f\u00f6rderungspolitische Instrumente im Agrar- und Ern\u00e4hrungssektor umsetzt.<br \/>\nUnsere Aufgabe ist es, polnische Produzenten bei der Herstellung und dem Export von Lebensmitteln zu unterst\u00fctzen.<br \/>\nEine starke Marke polnischer Lebensmittel wird unter dem gemeinsamen Motto &#8222;Polska schmeckt gut&#8220; aufgebaut. Ein positives Image und die Anerkennung polnischer Lebensmittel im Ausland unter der Marke &#8222;POLAND TASTES GOOD&#8220; aufzubauen, ist eine der Hauptaufgaben des Nationalen Zentrums f\u00fcr landwirtschaftliche Unterst\u00fctzung.<\/p>\n<p>Die Marke &#8222;POLAND TASTES GOOD&#8220; ist eine Geschmacksgarantie und ein Synonym f\u00fcr polnische Lebensmittel von h\u00f6chster Qualit\u00e4t sowie eine Antwort auf die wachsende Nachfrage nach gesunden Lebensmitteln, die in \u00dcbereinstimmung mit der nat\u00fcrlichen Umwelt auf der Grundlage traditioneller Technologien und Produkte hergestellt werden Produktionsmethoden.[\/vc_column_text][\/vc_column][vc_column width=&#8220;1\/6&#8243;][\/vc_column][vc_column width=&#8220;5\/12&#8243;]<div class=\"image-with-cover\"><img width=\"1024\" height=\"683\" src=\"https:\/\/www.polandtastesgood.pl\/wp-content\/uploads\/2021\/03\/meat-1-1024x683.jpg\" class=\"img-fluid\" alt=\"Naturfrut\" loading=\"lazy\" decoding=\"async\" srcset=\"https:\/\/www.polandtastesgood.pl\/wp-content\/uploads\/2021\/03\/meat-1-1024x683.jpg 1024w, https:\/\/www.polandtastesgood.pl\/wp-content\/uploads\/2021\/03\/meat-1-300x200.jpg 300w, https:\/\/www.polandtastesgood.pl\/wp-content\/uploads\/2021\/03\/meat-1-768x512.jpg 768w, https:\/\/www.polandtastesgood.pl\/wp-content\/uploads\/2021\/03\/meat-1-1536x1024.jpg 1536w, https:\/\/www.polandtastesgood.pl\/wp-content\/uploads\/2021\/03\/meat-1.jpg 1600w\" sizes=\"auto, (max-width: 1024px) 100vw, 1024px\" \/><\/div>[\/vc_column][\/vc_row][vc_row css=&#8220;.vc_custom_1614092531984{margin-top: 200px !important;margin-bottom: 200px !important;}&#8220;][vc_column width=&#8220;1\/2&#8243;][vc_column_text css=&#8220;.vc_custom_1707726956656{margin-bottom: 40px !important;}&#8220; el_class=&#8220;contact-panel&#8220;]<\/p>\n<h3>Kontakt<\/h3>\n<p>&nbsp;<\/p>\n<p><strong>Krajowy O\u015brodek Wsparcia Rolnictwa<\/strong><\/p>\n<p><em>Das Nationale Zentrum f\u00fcr die F\u00f6rderung der Landwirtschaft<\/em><\/p>\n<p>&nbsp;<\/p>\n<p>ul. Karolkowa 30<\/p>\n<p>01-207 Warszawa<\/p>\n<p>&nbsp;<\/p>\n<p>+48 22 376 72 26<\/p>\n<ul>\n<li><a href=\"mailto:eksporter@kowr.gov.pl\">eksporter@kowr.gov.pl<\/a><\/li>\n<li><a href=\"https:\/\/www.gov.pl\/web\/kowr\" target=\"_blank\" rel=\"noopener nofollow\">https:\/\/www.gov.pl\/web\/kowr<\/a><\/li>\n<\/ul>\n<p>[\/vc_column_text][vc_row_inner][vc_column_inner][vc_btn title=&#8220;Weiterlesen&#8220; color=&#8220;default&#8220; link=&#8220;url:https%3A%2F%2Fwww.polandtastesgood.pl%2Fde%2Faktuelles%2F|title:Aktualno%C5%9Bci&#8220;][vc_btn title=&#8220;Karte&#8220; color=&#8220;default&#8220; css=&#8220;.vc_custom_1616689150413{margin-left: 20px !important;}&#8220; link=&#8220;url:https%3A%2F%2Fwww.polandtastesgood.pl%2Fpl%2Faktualnosci%2F|title:Aktualno%C5%9Bci&#8220; el_class=&#8220;btn-blank&#8220; el_id=&#8220;show_map&#8220;][\/vc_column_inner][\/vc_row_inner][\/vc_column][vc_column width=&#8220;1\/2&#8243;]            <!-- BOF MODULE HTML -->\r\n            <section>\r\n                <div class=\"accordion\" id=\"contact-accordion\">\r\n                    <div class=\"card\">\r\n                        <div class=\"card-header\" id=\"headingOne\">\r\n                            <div class=\"card-header-icon\">\r\n                                <img decoding=\"async\" src=\"https:\/\/www.polandtastesgood.pl\/wp-content\/themes\/ptg\/dist\/images\/contact_icon.png\"\n                                     alt=\"\">\n                            <\/div>\r\n                            <button class=\"btn btn-link btn-block text-left\"\r\n                                    type=\"button\"\n                                    data-toggle=\"collapse\"\n                                    data-target=\"#collapseOne\"\n                                    aria-expanded=\"true\"\n                                    aria-controls=\"collapseOne\">\n                                Bleiben wir in Kontakt                                <i class=\"fa fa-chevron-down\" aria-hidden=\"true\"><\/i>\r\n                                <i class=\"fa fa-chevron-up\" aria-hidden=\"true\"><\/i>\r\n                            <\/button>\r\n                        <\/div>\r\n\r\n                        <div id=\"collapseOne\" class=\"collapse show\"\r\n                             data-parent=\"#contact-accordion\">\r\n                            <div class=\"card-body p-0\">\r\n                                <noscript class=\"ninja-forms-noscript-message\">\n\tHinweis: F\u00fcr diesen Inhalt ist JavaScript erforderlich.<\/noscript>\n<div id=\"nf-form-4-cont\" class=\"nf-form-cont\" aria-live=\"polite\" aria-labelledby=\"nf-form-title-4\" aria-describedby=\"nf-form-errors-4\" role=\"form\">\n\n    <div class=\"nf-loading-spinner\"><\/div>\n\n<\/div>\n        <!-- That data is being printed as a workaround to page builders reordering the order of the scripts loaded-->\n        <script>var formDisplay=1;var nfForms=nfForms||[];var form=[];form.id='4';form.settings={\"ninjaForms\":\"Ninja Forms\",\"changeEmailErrorMsg\":\"Bitte gib eine g\\u00fcltige E-Mail-Adresse ein.\",\"changeDateErrorMsg\":\"Bitte gib ein g\\u00fcltiges Datum ein!\",\"confirmFieldErrorMsg\":\"Diese Felder m\\u00fcssen \\u00fcbereinstimmen!\",\"fieldNumberNumMinError\":\"Die eingegebene Zahl ist zu klein.\",\"fieldNumberNumMaxError\":\"Die eingegebene Zahl ist zu gross.\",\"fieldNumberIncrementBy\":\"Bitte erh\\u00f6hen in Schritten von\",\"fieldTextareaRTEInsertLink\":\"Link einf\\u00fcgen\",\"fieldTextareaRTEInsertMedia\":\"Medien einf\\u00fcgen\",\"fieldTextareaRTESelectAFile\":\"Eine Datei ausw\\u00e4hlen\",\"tableInsertRowAbove\":\"Insert Row Above\",\"tableInsertRowBelow\":\"Insert Row Below\",\"tableInsertColumnLeft\":\"Insert Column Left\",\"tableInsertColumnRight\":\"Insert Column Right\",\"tableDeleteRow\":\"Delete Row\",\"tableDeleteColumn\":\"Delete Column\",\"tableDeleteTable\":\"Delete Table\",\"tableLegacyNotice\":\"This content has tables in the old editor format. Custom styles are preserved until converted. Editing will update to the new format.\",\"tableLegacyConvert\":\"Convert Now\",\"tableInsertTable\":\"Insert Table\",\"dismiss\":\"Verwerfen\",\"insertLink\":\"Link einf\\u00fcgen\",\"formErrorsCorrectErrors\":\"Bitte korrigiere die Fehler, bevor du das Formular sendest.\",\"formHoneypot\":\"Falls du ein Mensch bist und dieses Feld siehst, dann lasse es bitte leer.\",\"validateRequiredField\":\"Dies ist ein Pflichtfeld.\",\"honeypotHoneypotError\":\"Honeypot-Fehler\",\"fileUploadOldCodeFileUploadInProgress\":\"Datei-Upload l\\u00e4uft.\",\"fileUploadOldCodeFileUpload\":\"DATEI-UPLOAD\",\"currencySymbol\":\"&#36;\",\"fieldsMarkedRequired\":\"Felder mit einem <span class=\\\"ninja-forms-req-symbol\\\">*<\\\/span> sind Pflichtfelder\",\"thousands_sep\":\".\",\"decimal_point\":\",\",\"siteLocale\":\"de_DE\",\"dateFormat\":\"m\\\/d\\\/Y\",\"startOfWeek\":\"1\",\"of\":\"von\",\"previousMonth\":\"Vorheriger Monat\",\"nextMonth\":\"N\\u00e4chster Monat\",\"months\":[\"Januar\",\"Februar\",\"M\\u00e4rz\",\"April\",\"Mai\",\"Juni\",\"Juli\",\"August\",\"September\",\"Oktober\",\"November\",\"Dezember\"],\"monthsShort\":[\"Jan.\",\"Feb.\",\"M\\u00e4rz\",\"Apr.\",\"Mai\",\"Juni\",\"Juli\",\"Aug\",\"Sep.\",\"Okt.\",\"Nov.\",\"Dez.\"],\"weekdays\":[\"Sonntag\",\"Montag\",\"Dienstag\",\"Mittwoch\",\"Donnerstag\",\"Freitag\",\"Samstag\"],\"weekdaysShort\":[\"So.\",\"Mo.\",\"Di.\",\"Mi.\",\"Do.\",\"Fr.\",\"Sa.\"],\"weekdaysMin\":[\"So.\",\"Mo.\",\"Di.\",\"Mi.\",\"Do.\",\"Fr.\",\"Sa.\"],\"recaptchaConsentMissing\":\"reCaptcha validation couldn&#039;t load.\",\"recaptchaMissingCookie\":\"reCaptcha v3 validation couldn&#039;t load the cookie needed to submit the form.\",\"recaptchaConsentEvent\":\"Accept reCaptcha cookies before sending the form.\",\"hourPlaceholder\":\"Hour\",\"minutePlaceholder\":\"Minute\",\"am\":\"AM\",\"pm\":\"PM\",\"objectType\":\"Form Setting\",\"editActive\":true,\"title\":\"Kontakt DE\",\"created_at\":\"2021-07-29 08:18:23\",\"default_label_pos\":\"above\",\"show_title\":\"0\",\"clear_complete\":\"1\",\"hide_complete\":\"0\",\"logged_in\":\"\",\"key\":\"\",\"conditions\":[],\"wrapper_class\":\"\",\"element_class\":\"\",\"add_submit\":\"1\",\"not_logged_in_msg\":\"\",\"sub_limit_number\":\"\",\"sub_limit_msg\":\"\",\"calculations\":[],\"formContentData\":[{\"order\":1,\"cells\":[{\"order\":0,\"fields\":[\"vorname_1627539728533\"],\"width\":50},{\"order\":1,\"fields\":[\"zuname_1627539742573\"],\"width\":50}]},{\"order\":4,\"cells\":[{\"order\":0,\"fields\":[\"ihre_e-mail-adresse_1627540728112\"],\"width\":\"100\"}]},{\"order\":5,\"cells\":[{\"order\":0,\"fields\":[\"thema_der_nachricht_1627540738188\"],\"width\":\"100\"}]},{\"order\":6,\"cells\":[{\"order\":0,\"fields\":[\"inhalt_der_nachricht_1627540748516\"],\"width\":\"100\"}]},{\"order\":7,\"cells\":[{\"order\":0,\"fields\":[\"senden_1627540771859\"],\"width\":\"100\"}]},{\"order\":8,\"cells\":[{\"order\":0,\"fields\":[\"hr_1614190829202\"],\"width\":\"100\"}]}],\"container_styles_background-color\":\"\",\"container_styles_border\":\"\",\"container_styles_border-style\":\"\",\"container_styles_border-color\":\"\",\"container_styles_color\":\"\",\"container_styles_height\":\"\",\"container_styles_width\":\"\",\"container_styles_font-size\":\"\",\"container_styles_margin\":\"\",\"container_styles_padding\":\"\",\"container_styles_display\":\"\",\"container_styles_float\":\"\",\"container_styles_show_advanced_css\":\"0\",\"container_styles_advanced\":\"\",\"title_styles_background-color\":\"\",\"title_styles_border\":\"\",\"title_styles_border-style\":\"\",\"title_styles_border-color\":\"\",\"title_styles_color\":\"\",\"title_styles_height\":\"\",\"title_styles_width\":\"\",\"title_styles_font-size\":\"\",\"title_styles_margin\":\"\",\"title_styles_padding\":\"\",\"title_styles_display\":\"\",\"title_styles_float\":\"\",\"title_styles_show_advanced_css\":\"0\",\"title_styles_advanced\":\"\",\"row_styles_background-color\":\"\",\"row_styles_border\":\"\",\"row_styles_border-style\":\"\",\"row_styles_border-color\":\"\",\"row_styles_color\":\"\",\"row_styles_height\":\"\",\"row_styles_width\":\"\",\"row_styles_font-size\":\"\",\"row_styles_margin\":\"\",\"row_styles_padding\":\"\",\"row_styles_display\":\"\",\"row_styles_show_advanced_css\":\"0\",\"row_styles_advanced\":\"\",\"row-odd_styles_background-color\":\"\",\"row-odd_styles_border\":\"\",\"row-odd_styles_border-style\":\"\",\"row-odd_styles_border-color\":\"\",\"row-odd_styles_color\":\"\",\"row-odd_styles_height\":\"\",\"row-odd_styles_width\":\"\",\"row-odd_styles_font-size\":\"\",\"row-odd_styles_margin\":\"\",\"row-odd_styles_padding\":\"\",\"row-odd_styles_display\":\"\",\"row-odd_styles_show_advanced_css\":\"0\",\"row-odd_styles_advanced\":\"\",\"success-msg_styles_background-color\":\"\",\"success-msg_styles_border\":\"\",\"success-msg_styles_border-style\":\"\",\"success-msg_styles_border-color\":\"\",\"success-msg_styles_color\":\"\",\"success-msg_styles_height\":\"\",\"success-msg_styles_width\":\"\",\"success-msg_styles_font-size\":\"\",\"success-msg_styles_margin\":\"\",\"success-msg_styles_padding\":\"\",\"success-msg_styles_display\":\"\",\"success-msg_styles_show_advanced_css\":\"0\",\"success-msg_styles_advanced\":\"\",\"error_msg_styles_background-color\":\"\",\"error_msg_styles_border\":\"\",\"error_msg_styles_border-style\":\"\",\"error_msg_styles_border-color\":\"\",\"error_msg_styles_color\":\"\",\"error_msg_styles_height\":\"\",\"error_msg_styles_width\":\"\",\"error_msg_styles_font-size\":\"\",\"error_msg_styles_margin\":\"\",\"error_msg_styles_padding\":\"\",\"error_msg_styles_display\":\"\",\"error_msg_styles_show_advanced_css\":\"0\",\"error_msg_styles_advanced\":\"\",\"currency\":\"\",\"repeatable_fieldsets\":\"\",\"unique_field_error\":\"Formularz z t\\u0105 warto\\u015bci\\u0105 zosta\\u0142 ju\\u017c przes\\u0142any.\",\"drawerDisabled\":false,\"allow_public_link\":0,\"embed_form\":\"\",\"currency_symbol\":\"\",\"beforeForm\":\"\",\"beforeFields\":\"\",\"afterFields\":\"\",\"afterForm\":\"\"};form.fields=[{\"objectType\":\"Field\",\"objectDomain\":\"fields\",\"editActive\":false,\"order\":1,\"idAttribute\":\"id\",\"label_pos\":\"above\",\"required\":1,\"placeholder\":\"\",\"default\":\"\",\"wrapper_class\":\"\",\"element_class\":\"\",\"container_class\":\"\",\"input_limit\":\"\",\"input_limit_type\":\"characters\",\"input_limit_msg\":\"Character(s) left\",\"manual_key\":\"\",\"disable_input\":\"\",\"admin_label\":\"\",\"help_text\":\"\",\"desc_text\":\"\",\"disable_browser_autocomplete\":\"\",\"mask\":\"\",\"custom_mask\":\"\",\"wrap_styles_background-color\":\"\",\"wrap_styles_border\":\"\",\"wrap_styles_border-style\":\"\",\"wrap_styles_border-color\":\"\",\"wrap_styles_color\":\"\",\"wrap_styles_height\":\"\",\"wrap_styles_width\":\"\",\"wrap_styles_font-size\":\"\",\"wrap_styles_margin\":\"\",\"wrap_styles_padding\":\"\",\"wrap_styles_display\":\"\",\"wrap_styles_float\":\"\",\"wrap_styles_show_advanced_css\":0,\"wrap_styles_advanced\":\"\",\"label_styles_background-color\":\"\",\"label_styles_border\":\"\",\"label_styles_border-style\":\"\",\"label_styles_border-color\":\"\",\"label_styles_color\":\"\",\"label_styles_height\":\"\",\"label_styles_width\":\"\",\"label_styles_font-size\":\"\",\"label_styles_margin\":\"\",\"label_styles_padding\":\"\",\"label_styles_display\":\"\",\"label_styles_float\":\"\",\"label_styles_show_advanced_css\":0,\"label_styles_advanced\":\"\",\"element_styles_background-color\":\"\",\"element_styles_border\":\"\",\"element_styles_border-style\":\"\",\"element_styles_border-color\":\"\",\"element_styles_color\":\"\",\"element_styles_height\":\"\",\"element_styles_width\":\"\",\"element_styles_font-size\":\"\",\"element_styles_margin\":\"\",\"element_styles_padding\":\"\",\"element_styles_display\":\"\",\"element_styles_float\":\"\",\"element_styles_show_advanced_css\":0,\"element_styles_advanced\":\"\",\"cellcid\":\"c3548\",\"field_label\":\"Imi\\u0119\",\"field_key\":\"imie_1614190060438\",\"label\":\"Vorname\",\"key\":\"vorname_1627539728533\",\"type\":\"textbox\",\"created_at\":\"2021-02-24 18:53:47\",\"custom_name_attribute\":\"\",\"personally_identifiable\":\"\",\"value\":\"\",\"drawerDisabled\":false,\"id\":20,\"beforeField\":\"\",\"afterField\":\"\",\"parentType\":\"textbox\",\"element_templates\":[\"textbox\",\"input\"],\"old_classname\":\"\",\"wrap_template\":\"wrap\"},{\"objectType\":\"Field\",\"objectDomain\":\"fields\",\"editActive\":false,\"order\":2,\"idAttribute\":\"id\",\"label\":\"Zuname\",\"type\":\"lastname\",\"key\":\"zuname_1627539742573\",\"label_pos\":\"above\",\"required\":\"\",\"default\":\"\",\"placeholder\":\"\",\"container_class\":\"\",\"element_class\":\"\",\"admin_label\":\"\",\"help_text\":\"\",\"custom_name_attribute\":\"lname\",\"personally_identifiable\":1,\"value\":\"\",\"wrap_styles_show_advanced_css\":0,\"label_styles_show_advanced_css\":0,\"element_styles_show_advanced_css\":0,\"cellcid\":\"c3551\",\"field_label\":\"Nazwisko\",\"field_key\":\"lastname_1614190087958\",\"wrap_styles_border\":\"\",\"wrap_styles_width\":\"\",\"wrap_styles_margin\":\"\",\"wrap_styles_padding\":\"\",\"wrap_styles_float\":\"\",\"label_styles_border\":\"\",\"label_styles_width\":\"\",\"label_styles_font-size\":\"\",\"label_styles_margin\":\"\",\"label_styles_padding\":\"\",\"label_styles_float\":\"\",\"element_styles_border\":\"\",\"element_styles_width\":\"\",\"element_styles_font-size\":\"\",\"element_styles_margin\":\"\",\"element_styles_padding\":\"\",\"element_styles_float\":\"\",\"drawerDisabled\":false,\"id\":24,\"beforeField\":\"\",\"afterField\":\"\",\"parentType\":\"lastname\",\"element_templates\":[\"lastname\",\"input\"],\"old_classname\":\"\",\"wrap_template\":\"wrap\"},{\"objectType\":\"Field\",\"objectDomain\":\"fields\",\"editActive\":false,\"order\":4,\"idAttribute\":\"id\",\"label_pos\":\"above\",\"required\":1,\"placeholder\":\"\",\"default\":\"\",\"wrapper_class\":\"\",\"element_class\":\"\",\"container_class\":\"\",\"admin_label\":\"\",\"help_text\":\"\",\"desc_text\":\"\",\"wrap_styles_background-color\":\"\",\"wrap_styles_border\":\"\",\"wrap_styles_border-style\":\"\",\"wrap_styles_border-color\":\"\",\"wrap_styles_color\":\"\",\"wrap_styles_height\":\"\",\"wrap_styles_width\":\"\",\"wrap_styles_font-size\":\"\",\"wrap_styles_margin\":\"\",\"wrap_styles_padding\":\"\",\"wrap_styles_display\":\"\",\"wrap_styles_float\":\"\",\"wrap_styles_show_advanced_css\":0,\"wrap_styles_advanced\":\"\",\"label_styles_background-color\":\"\",\"label_styles_border\":\"\",\"label_styles_border-style\":\"\",\"label_styles_border-color\":\"\",\"label_styles_color\":\"\",\"label_styles_height\":\"\",\"label_styles_width\":\"\",\"label_styles_font-size\":\"\",\"label_styles_margin\":\"\",\"label_styles_padding\":\"\",\"label_styles_display\":\"\",\"label_styles_float\":\"\",\"label_styles_show_advanced_css\":0,\"label_styles_advanced\":\"\",\"element_styles_background-color\":\"\",\"element_styles_border\":\"\",\"element_styles_border-style\":\"\",\"element_styles_border-color\":\"\",\"element_styles_color\":\"\",\"element_styles_height\":\"\",\"element_styles_width\":\"\",\"element_styles_font-size\":\"\",\"element_styles_margin\":\"\",\"element_styles_padding\":\"\",\"element_styles_display\":\"\",\"element_styles_float\":\"\",\"element_styles_show_advanced_css\":0,\"element_styles_advanced\":\"\",\"cellcid\":\"c3554\",\"field_label\":\"Tw\\u00f3j adres e-mail\",\"field_key\":\"twoj_adres_e-mail_1614190111809\",\"label\":\"Ihre E-Mail-Adresse\",\"key\":\"ihre_e-mail-adresse_1627540728112\",\"type\":\"email\",\"created_at\":\"2021-02-24 18:53:48\",\"custom_name_attribute\":\"email\",\"personally_identifiable\":1,\"value\":\"\",\"drawerDisabled\":false,\"id\":21,\"beforeField\":\"\",\"afterField\":\"\",\"parentType\":\"email\",\"element_templates\":[\"email\",\"input\"],\"old_classname\":\"\",\"wrap_template\":\"wrap\"},{\"objectType\":\"Field\",\"objectDomain\":\"fields\",\"editActive\":false,\"order\":5,\"idAttribute\":\"id\",\"label\":\"Thema der Nachricht\",\"type\":\"listselect\",\"key\":\"thema_der_nachricht_1627540738188\",\"label_pos\":\"above\",\"required\":1,\"element_class\":\"\",\"admin_label\":\"\",\"help_text\":\"\",\"drawerDisabled\":false,\"wrap_styles_show_advanced_css\":0,\"label_styles_show_advanced_css\":0,\"element_styles_show_advanced_css\":0,\"cellcid\":\"c3557\",\"options\":[{\"errors\":[],\"max_options\":0,\"label\":\"Gesch\\u00e4ft\",\"value\":\"geschaeft\",\"calc\":\"\",\"selected\":0,\"order\":0,\"settingModel\":{\"settings\":false,\"hide_merge_tags\":false,\"error\":false,\"name\":\"options\",\"type\":\"option-repeater\",\"label\":\"Opcje <a href=\\\"#\\\" class=\\\"nf-add-new\\\">Dodaj<\\\/a> <a href=\\\"#\\\" class=\\\"extra nf-open-import-tooltip\\\"><i class=\\\"fa fa-sign-in\\\" aria-hidden=\\\"true\\\"><\\\/i> Import<\\\/a>\",\"width\":\"full\",\"group\":\"\",\"value\":[{\"label\":\"Jeden\",\"value\":\"jeden\",\"calc\":\"\",\"selected\":0,\"order\":0},{\"label\":\"Dwa\",\"value\":\"dwa\",\"calc\":\"\",\"selected\":0,\"order\":1},{\"label\":\"Trzy\",\"value\":\"trzy\",\"calc\":\"\",\"selected\":0,\"order\":2}],\"columns\":{\"label\":{\"header\":\"Etykieta\",\"default\":\"\"},\"value\":{\"header\":\"Warto\\u015b\\u0107\",\"default\":\"\"},\"calc\":{\"header\":\"Warto\\u015b\\u0107 obliczenia\",\"default\":\"\"},\"selected\":{\"header\":\"<span class=\\\"dashicons dashicons-yes\\\"><\\\/span>\",\"default\":0}}}},{\"errors\":[],\"max_options\":0,\"label\":\"Anbieten\",\"value\":\"anbieten\",\"calc\":\"\",\"selected\":0,\"order\":1,\"settingModel\":{\"settings\":false,\"hide_merge_tags\":false,\"error\":false,\"name\":\"options\",\"type\":\"option-repeater\",\"label\":\"Opcje <a href=\\\"#\\\" class=\\\"nf-add-new\\\">Dodaj<\\\/a> <a href=\\\"#\\\" class=\\\"extra nf-open-import-tooltip\\\"><i class=\\\"fa fa-sign-in\\\" aria-hidden=\\\"true\\\"><\\\/i> Import<\\\/a>\",\"width\":\"full\",\"group\":\"\",\"value\":[{\"label\":\"Jeden\",\"value\":\"jeden\",\"calc\":\"\",\"selected\":0,\"order\":0},{\"label\":\"Dwa\",\"value\":\"dwa\",\"calc\":\"\",\"selected\":0,\"order\":1},{\"label\":\"Trzy\",\"value\":\"trzy\",\"calc\":\"\",\"selected\":0,\"order\":2}],\"columns\":{\"label\":{\"header\":\"Etykieta\",\"default\":\"\"},\"value\":{\"header\":\"Warto\\u015b\\u0107\",\"default\":\"\"},\"calc\":{\"header\":\"Warto\\u015b\\u0107 obliczenia\",\"default\":\"\"},\"selected\":{\"header\":\"<span class=\\\"dashicons dashicons-yes\\\"><\\\/span>\",\"default\":0}}}},{\"errors\":[],\"max_options\":0,\"label\":\"Anfrage \",\"value\":\"anfrage\",\"calc\":\"\",\"selected\":0,\"order\":2,\"settingModel\":{\"settings\":false,\"hide_merge_tags\":false,\"error\":false,\"name\":\"options\",\"type\":\"option-repeater\",\"label\":\"Opcje <a href=\\\"#\\\" class=\\\"nf-add-new\\\">Dodaj<\\\/a> <a href=\\\"#\\\" class=\\\"extra nf-open-import-tooltip\\\"><i class=\\\"fa fa-sign-in\\\" aria-hidden=\\\"true\\\"><\\\/i> Import<\\\/a>\",\"width\":\"full\",\"group\":\"\",\"value\":[{\"label\":\"Jeden\",\"value\":\"jeden\",\"calc\":\"\",\"selected\":0,\"order\":0},{\"label\":\"Dwa\",\"value\":\"dwa\",\"calc\":\"\",\"selected\":0,\"order\":1},{\"label\":\"Trzy\",\"value\":\"trzy\",\"calc\":\"\",\"selected\":0,\"order\":2}],\"columns\":{\"label\":{\"header\":\"Etykieta\",\"default\":\"\"},\"value\":{\"header\":\"Warto\\u015b\\u0107\",\"default\":\"\"},\"calc\":{\"header\":\"Warto\\u015b\\u0107 obliczenia\",\"default\":\"\"},\"selected\":{\"header\":\"<span class=\\\"dashicons dashicons-yes\\\"><\\\/span>\",\"default\":0}}}}],\"container_class\":\"\",\"field_label\":\"Temat wiadomo\\u015bci\",\"field_key\":\"temat_wiadomosci_1614190180091\",\"wrap_styles_border\":\"\",\"wrap_styles_width\":\"\",\"wrap_styles_margin\":\"\",\"wrap_styles_padding\":\"\",\"wrap_styles_float\":\"\",\"label_styles_border\":\"\",\"label_styles_width\":\"\",\"label_styles_font-size\":\"\",\"label_styles_margin\":\"\",\"label_styles_padding\":\"\",\"label_styles_float\":\"\",\"element_styles_border\":\"\",\"element_styles_width\":\"\",\"element_styles_font-size\":\"\",\"element_styles_margin\":\"\",\"element_styles_padding\":\"\",\"element_styles_float\":\"\",\"id\":25,\"beforeField\":\"\",\"afterField\":\"\",\"value\":\"\",\"parentType\":\"list\",\"element_templates\":[\"listselect\",\"input\"],\"old_classname\":\"list-select\",\"wrap_template\":\"wrap\"},{\"objectType\":\"Field\",\"objectDomain\":\"fields\",\"editActive\":false,\"order\":6,\"idAttribute\":\"id\",\"label_pos\":\"above\",\"required\":1,\"placeholder\":\"\",\"default\":\"\",\"wrapper_class\":\"\",\"element_class\":\"\",\"container_class\":\"\",\"input_limit\":\"\",\"input_limit_type\":\"characters\",\"input_limit_msg\":\"Character(s) left\",\"manual_key\":\"\",\"disable_input\":\"\",\"admin_label\":\"\",\"help_text\":\"\",\"desc_text\":\"\",\"disable_browser_autocomplete\":1,\"textarea_rte\":\"\",\"disable_rte_mobile\":\"\",\"textarea_media\":\"\",\"wrap_styles_background-color\":\"\",\"wrap_styles_border\":\"\",\"wrap_styles_border-style\":\"\",\"wrap_styles_border-color\":\"\",\"wrap_styles_color\":\"\",\"wrap_styles_height\":\"\",\"wrap_styles_width\":\"\",\"wrap_styles_font-size\":\"\",\"wrap_styles_margin\":\"\",\"wrap_styles_padding\":\"\",\"wrap_styles_display\":\"\",\"wrap_styles_float\":\"\",\"wrap_styles_show_advanced_css\":0,\"wrap_styles_advanced\":\"\",\"label_styles_background-color\":\"\",\"label_styles_border\":\"\",\"label_styles_border-style\":\"\",\"label_styles_border-color\":\"\",\"label_styles_color\":\"\",\"label_styles_height\":\"\",\"label_styles_width\":\"\",\"label_styles_font-size\":\"\",\"label_styles_margin\":\"\",\"label_styles_padding\":\"\",\"label_styles_display\":\"\",\"label_styles_float\":\"\",\"label_styles_show_advanced_css\":0,\"label_styles_advanced\":\"\",\"element_styles_background-color\":\"\",\"element_styles_border\":\"\",\"element_styles_border-style\":\"\",\"element_styles_border-color\":\"\",\"element_styles_color\":\"\",\"element_styles_height\":\"\",\"element_styles_width\":\"\",\"element_styles_font-size\":\"\",\"element_styles_margin\":\"\",\"element_styles_padding\":\"\",\"element_styles_display\":\"\",\"element_styles_float\":\"\",\"element_styles_show_advanced_css\":0,\"element_styles_advanced\":\"\",\"cellcid\":\"c3560\",\"field_label\":\"Tre\\u015b\\u0107 wiadomo\\u015bci\",\"field_key\":\"tresc_wiadomosci_1614190211961\",\"label\":\"Inhalt der Nachricht\",\"key\":\"inhalt_der_nachricht_1627540748516\",\"type\":\"textarea\",\"created_at\":\"2021-02-24 18:53:48\",\"value\":\"\",\"drawerDisabled\":false,\"id\":22,\"beforeField\":\"\",\"afterField\":\"\",\"parentType\":\"textarea\",\"element_templates\":[\"textarea\",\"input\"],\"old_classname\":\"\",\"wrap_template\":\"wrap\"},{\"objectType\":\"Field\",\"objectDomain\":\"fields\",\"editActive\":false,\"order\":7,\"idAttribute\":\"id\",\"processing_label\":\"Processing\",\"container_class\":\"\",\"element_class\":\"btn btn-primary\",\"wrap_styles_background-color\":\"\",\"wrap_styles_border\":\"\",\"wrap_styles_border-style\":\"\",\"wrap_styles_border-color\":\"\",\"wrap_styles_color\":\"\",\"wrap_styles_height\":\"\",\"wrap_styles_width\":\"\",\"wrap_styles_font-size\":\"\",\"wrap_styles_margin\":\"\",\"wrap_styles_padding\":\"\",\"wrap_styles_display\":\"\",\"wrap_styles_float\":\"\",\"wrap_styles_show_advanced_css\":0,\"wrap_styles_advanced\":\"\",\"label_styles_background-color\":\"\",\"label_styles_border\":\"\",\"label_styles_border-style\":\"\",\"label_styles_border-color\":\"\",\"label_styles_color\":\"\",\"label_styles_height\":\"\",\"label_styles_width\":\"\",\"label_styles_font-size\":\"\",\"label_styles_margin\":\"\",\"label_styles_padding\":\"\",\"label_styles_display\":\"\",\"label_styles_float\":\"\",\"label_styles_show_advanced_css\":0,\"label_styles_advanced\":\"\",\"element_styles_background-color\":\"\",\"element_styles_border\":\"\",\"element_styles_border-style\":\"\",\"element_styles_border-color\":\"\",\"element_styles_color\":\"\",\"element_styles_height\":\"\",\"element_styles_width\":\"\",\"element_styles_font-size\":\"\",\"element_styles_margin\":\"\",\"element_styles_padding\":\"\",\"element_styles_display\":\"\",\"element_styles_float\":\"\",\"element_styles_show_advanced_css\":0,\"element_styles_advanced\":\"\",\"submit_element_hover_styles_background-color\":\"\",\"submit_element_hover_styles_border\":\"\",\"submit_element_hover_styles_border-style\":\"\",\"submit_element_hover_styles_border-color\":\"\",\"submit_element_hover_styles_color\":\"\",\"submit_element_hover_styles_height\":\"\",\"submit_element_hover_styles_width\":\"\",\"submit_element_hover_styles_font-size\":\"\",\"submit_element_hover_styles_margin\":\"\",\"submit_element_hover_styles_padding\":\"\",\"submit_element_hover_styles_display\":\"\",\"submit_element_hover_styles_float\":\"\",\"submit_element_hover_styles_show_advanced_css\":0,\"submit_element_hover_styles_advanced\":\"\",\"cellcid\":\"c3563\",\"field_label\":\"Wy\\u015blij\",\"field_key\":\"wyslij_1614190482531\",\"label\":\"Senden\",\"key\":\"senden_1627540771859\",\"type\":\"submit\",\"created_at\":\"2021-02-24 18:53:48\",\"drawerDisabled\":false,\"id\":23,\"beforeField\":\"\",\"afterField\":\"\",\"value\":\"\",\"label_pos\":\"above\",\"parentType\":\"textbox\",\"element_templates\":[\"submit\",\"button\",\"input\"],\"old_classname\":\"\",\"wrap_template\":\"wrap-no-label\"},{\"objectType\":\"Field\",\"objectDomain\":\"fields\",\"editActive\":false,\"order\":8,\"idAttribute\":\"id\",\"type\":\"hr\",\"label\":\"Rozdzielacz\",\"container_class\":\"\",\"element_class\":\"\",\"wrap_styles_show_advanced_css\":0,\"element_styles_show_advanced_css\":0,\"cellcid\":\"c3566\",\"key\":\"hr_1614190829202\",\"field_label\":\"Rozdzielacz\",\"field_key\":\"hr_1614190829202\",\"id\":26,\"beforeField\":\"\",\"afterField\":\"\",\"value\":\"\",\"label_pos\":\"above\",\"parentType\":\"hr\",\"element_templates\":[\"hr\",\"input\"],\"old_classname\":\"\",\"wrap_template\":\"wrap\"}];nfForms.push(form);<\/script>\n                <script id=\"nf-tmpl-cell\" type=\"text\/template\">\n            <nf-fields><\/nf-fields>\n        <\/script>\n\n        <script id=\"nf-tmpl-row\" type=\"text\/template\">\n            <nf-cells><\/nf-cells>\n        <\/script>\n\n                                    <\/div>\r\n                        <\/div>\r\n                    <\/div>\r\n                    <div class=\"card\">\r\n                        <div class=\"card-header\" id=\"headingTwo\">\r\n                            <div class=\"card-header-icon\">\r\n                                <img decoding=\"async\" src=\"https:\/\/www.polandtastesgood.pl\/wp-content\/themes\/ptg\/dist\/images\/contact_map.png\"\n                                     alt=\"\">\n                            <\/div>\r\n                            <button id=\"map_BTN\" class=\"btn btn-link btn-block text-left collapsed\" type=\"button\"\n                                    data-toggle=\"collapse\" data-target=\"#collapseTwo\"\n                                    aria-expanded=\"false\" aria-controls=\"collapseTwo\">\n                                Karte                                <i class=\"fa fa-chevron-down\" aria-hidden=\"true\"><\/i>\r\n                                <i class=\"fa fa-chevron-up\" aria-hidden=\"true\"><\/i>\r\n                            <\/button>\r\n                        <\/div>\r\n                        <div id=\"collapseTwo\" class=\"collapse\"\r\n                             data-parent=\"#contact-accordion\">\r\n                            <div class=\"card-body p-0\" style=\"margin: 0 -64px -20px -64px;\">\r\n                                \r\n<link rel=\"stylesheet\" href=\"https:\/\/unpkg.com\/leaflet@1.9.4\/dist\/leaflet.css\" integrity=\"sha256-p4NxAoJBhIIN+hmNHrzRCf9tD\/miZyoHS5obTRR9BMY=\" crossorigin=\"\" \/>\r\n<script src=\"https:\/\/unpkg.com\/leaflet@1.9.4\/dist\/leaflet.js\" integrity=\"sha256-20nQCchB9co0qIjJZRGuk2\/Z9VM+kNiyxNV1lvTlZBo=\" crossorigin=\"\"><\/script>\r\n<style>\r\n    #open-street-map-1-container{\r\n        position: relative;\r\n        height: 100%;\r\n        width: 100%;\r\n    }\r\n<\/style>\r\n\r\n<div id=\"open-street-map-1-container\">\r\n    <div id = \"open-street-map-1\" style = \"width:100%; height: 600px;\"><\/div>\r\n<\/div>\r\n\r\n<script>\r\n    let mapOptions = {\r\n        center: [51.5501432, 21.3542409],\r\n        zoom: 14\r\n    }\r\n\r\n    \/\/ Creating a map object\r\n    let  map = new L.map('open-street-map-1', mapOptions);\r\n\r\n    \/\/ Creating a Layer object\r\n    let  layer = new L.TileLayer('http:\/\/{s}.tile.openstreetmap.org\/{z}\/{x}\/{y}.png');\r\n\r\n        \/\/ Adding layer to the map\r\n        map.addLayer(layer);\r\n\r\n    let marker = new L.Marker([51.5501432, 21.3542409]);\r\n    marker.addTo(map);\r\n\r\n    setTimeout(function(){\r\n        map.invalidateSize();\r\n    }, 1000);\r\n\r\n    let mapButton_1 = document.getElementById(\"show_map\");\r\n    let mapButton_2 = document.getElementById(\"map_BTN\");\r\n\r\n\r\n    if(mapButton_1){\r\n        mapButton_1.addEventListener('click', function() {\r\n            setTimeout(function(){\r\n                map.invalidateSize();\r\n            }, 700);\r\n        });\r\n    }\r\n\r\n    if(mapButton_2){\r\n        mapButton_2.addEventListener('click', function() {\r\n            setTimeout(function(){\r\n                map.invalidateSize();\r\n            }, 700);\r\n        });\r\n    }\r\n\r\n<\/script>\r\n\r\n\r\n\r\n\r\n<script type=\"text\/javascript\">\r\n    \/*\r\n    (function ($) {\r\n        function initMap($el) {\r\n\r\n            \/\/ Find marker elements within map.\r\n            var $markers = $el.find('.marker');\r\n\r\n            \/\/ Create gerenic map.\r\n            var mapArgs = {\r\n                zoom: $el.data('zoom') || 16,\r\n                mapTypeId: google.maps.MapTypeId.ROADMAP,\r\n                styles: [\r\n                    {\r\n                        \"elementType\": \"geometry\",\r\n                        \"stylers\": [\r\n                            {\r\n                                \"color\": \"#f5f5f5\"\r\n                            }\r\n                        ]\r\n                    },\r\n                    {\r\n                        \"elementType\": \"labels.icon\",\r\n                        \"stylers\": [\r\n                            {\r\n                                \"visibility\": \"off\"\r\n                            }\r\n                        ]\r\n                    },\r\n                    {\r\n                        \"elementType\": \"labels.text.fill\",\r\n                        \"stylers\": [\r\n                            {\r\n                                \"color\": \"#616161\"\r\n                            }\r\n                        ]\r\n                    },\r\n                    {\r\n                        \"elementType\": \"labels.text.stroke\",\r\n                        \"stylers\": [\r\n                            {\r\n                                \"color\": \"#f5f5f5\"\r\n                            }\r\n                        ]\r\n                    },\r\n                    {\r\n                        \"featureType\": \"administrative.land_parcel\",\r\n                        \"elementType\": \"labels.text.fill\",\r\n                        \"stylers\": [\r\n                            {\r\n                                \"color\": \"#bdbdbd\"\r\n                            }\r\n                        ]\r\n                    },\r\n                    {\r\n                        \"featureType\": \"poi\",\r\n                        \"elementType\": \"geometry\",\r\n                        \"stylers\": [\r\n                            {\r\n                                \"color\": \"#eeeeee\"\r\n                            }\r\n                        ]\r\n                    },\r\n                    {\r\n                        \"featureType\": \"poi\",\r\n                        \"elementType\": \"labels.text.fill\",\r\n                        \"stylers\": [\r\n                            {\r\n                                \"color\": \"#757575\"\r\n                            }\r\n                        ]\r\n                    },\r\n                    {\r\n                        \"featureType\": \"poi.park\",\r\n                        \"elementType\": \"geometry\",\r\n                        \"stylers\": [\r\n                            {\r\n                                \"color\": \"#e5e5e5\"\r\n                            }\r\n                        ]\r\n                    },\r\n                    {\r\n                        \"featureType\": \"poi.park\",\r\n                        \"elementType\": \"labels.text.fill\",\r\n                        \"stylers\": [\r\n                            {\r\n                                \"color\": \"#9e9e9e\"\r\n                            }\r\n                        ]\r\n                    },\r\n                    {\r\n                        \"featureType\": \"road\",\r\n                        \"elementType\": \"geometry\",\r\n                        \"stylers\": [\r\n                            {\r\n                                \"color\": \"#ffffff\"\r\n                            }\r\n                        ]\r\n                    },\r\n                    {\r\n                        \"featureType\": \"road.arterial\",\r\n                        \"elementType\": \"labels.text.fill\",\r\n                        \"stylers\": [\r\n                            {\r\n                                \"color\": \"#757575\"\r\n                            }\r\n                        ]\r\n                    },\r\n                    {\r\n                        \"featureType\": \"road.highway\",\r\n                        \"elementType\": \"geometry\",\r\n                        \"stylers\": [\r\n                            {\r\n                                \"color\": \"#dadada\"\r\n                            }\r\n                        ]\r\n                    },\r\n                    {\r\n                        \"featureType\": \"road.highway\",\r\n                        \"elementType\": \"labels.text.fill\",\r\n                        \"stylers\": [\r\n                            {\r\n                                \"color\": \"#616161\"\r\n                            }\r\n                        ]\r\n                    },\r\n                    {\r\n                        \"featureType\": \"road.local\",\r\n                        \"elementType\": \"labels.text.fill\",\r\n                        \"stylers\": [\r\n                            {\r\n                                \"color\": \"#9e9e9e\"\r\n                            }\r\n                        ]\r\n                    },\r\n                    {\r\n                        \"featureType\": \"transit.line\",\r\n                        \"elementType\": \"geometry\",\r\n                        \"stylers\": [\r\n                            {\r\n                                \"color\": \"#e5e5e5\"\r\n                            }\r\n                        ]\r\n                    },\r\n                    {\r\n                        \"featureType\": \"transit.station\",\r\n                        \"elementType\": \"geometry\",\r\n                        \"stylers\": [\r\n                            {\r\n                                \"color\": \"#eeeeee\"\r\n                            }\r\n                        ]\r\n                    },\r\n                    {\r\n                        \"featureType\": \"water\",\r\n                        \"elementType\": \"geometry\",\r\n                        \"stylers\": [\r\n                            {\r\n                                \"color\": \"#c9c9c9\"\r\n                            }\r\n                        ]\r\n                    },\r\n                    {\r\n                        \"featureType\": \"water\",\r\n                        \"elementType\": \"labels.text.fill\",\r\n                        \"stylers\": [\r\n                            {\r\n                                \"color\": \"#9e9e9e\"\r\n                            }\r\n                        ]\r\n                    }\r\n                ]\r\n            };\r\n            var map = new google.maps.Map($el[0], mapArgs);\r\n\r\n            \/\/ Add markers.\r\n            map.markers = [];\r\n            $markers.each(function () {\r\n                initMarker($(this), map);\r\n            });\r\n\r\n            \/\/ Center map based on markers.\r\n            centerMap(map);\r\n\r\n            \/\/ Return map instance.\r\n            return map;\r\n        }\r\n\r\n        function initMarker($marker, map) {\r\n            var lat = $marker.data('lat');\r\n            var lng = $marker.data('lng');\r\n            var latLng = {\r\n                lat: parseFloat(lat),\r\n                lng: parseFloat(lng)\r\n            };\r\n\r\n            var image = 'https:\/\/www.polandtastesgood.pl\/wp-content\/themes\/ptg\/dist\/images\/map.png';\r\n            var marker = new google.maps.Marker({\r\n                position: latLng,\r\n                map: map,\r\n                icon: image\r\n            });\r\n\r\n            map.markers.push(marker);\r\n\r\n            if ($marker.html()) {\r\n                var infowindow = new google.maps.InfoWindow({\r\n                    content: $marker.html()\r\n                });\r\n                google.maps.event.addListener(marker, 'click', function () {\r\n                    infowindow.open(map, marker);\r\n                });\r\n            }\r\n        }\r\n\r\n        function centerMap(map) {\r\n            var bounds = new google.maps.LatLngBounds();\r\n            map.markers.forEach(function (marker) {\r\n                bounds.extend({\r\n                    lat: marker.position.lat(),\r\n                    lng: marker.position.lng()\r\n                });\r\n            });\r\n\r\n            if (map.markers.length == 1) {\r\n                map.setCenter(bounds.getCenter());\r\n            } else {\r\n                map.fitBounds(bounds);\r\n            }\r\n        }\r\n\r\n        $(document).ready(function () {\r\n            setTimeout(function () {\r\n                $('.acf-map').each(function () {\r\n                    var map = initMap($(this));\r\n                });\r\n            }, 1000)\r\n        });\r\n\r\n    })(jQuery);\r\n    *\/\r\n<\/script>                            <\/div>\r\n                        <\/div>\r\n                    <\/div>\r\n                <\/div>\r\n            <\/section>\r\n            <!-- EOF MODULE HTML -->\r\n            [\/vc_column][\/vc_row]<\/p>\n<\/div>","protected":false},"excerpt":{"rendered":"<p>[vc_row full_width=&#8220;stretch_row_content_no_spaces&#8220;][vc_column][\/vc_column][\/vc_row][vc_row full_width=&#8220;stretch_row_content_no_spaces&#8220;][vc_column][\/vc_column][\/vc_row][vc_row full_width=&#8220;stretch_row&#8220; equal_height=&#8220;yes&#8220; css=&#8220;.vc_custom_1614085003091{margin-top: 140px !important;margin-bottom: 140px !important;}&#8220;][vc_column width=&#8220;5\/12&#8243;][vc_column_text] \u00dcber das Projekt Das Nationale Zentrum zur Unterst\u00fctzung der Landwirtschaft in Polen ist die wichtigste Einrichtung, die f\u00f6rderungspolitische Instrumente&#8230;<\/p>\n","protected":false},"author":10,"featured_media":0,"parent":0,"menu_order":0,"comment_status":"closed","ping_status":"open","template":"home.php","meta":{"_acf_changed":false,"footnotes":""},"class_list":["post-1223","page","type-page","status-publish","hentry"],"acf":[],"_links":{"self":[{"href":"https:\/\/www.polandtastesgood.pl\/de\/wp-json\/wp\/v2\/pages\/1223","targetHints":{"allow":["GET"]}}],"collection":[{"href":"https:\/\/www.polandtastesgood.pl\/de\/wp-json\/wp\/v2\/pages"}],"about":[{"href":"https:\/\/www.polandtastesgood.pl\/de\/wp-json\/wp\/v2\/types\/page"}],"author":[{"embeddable":true,"href":"https:\/\/www.polandtastesgood.pl\/de\/wp-json\/wp\/v2\/users\/10"}],"replies":[{"embeddable":true,"href":"https:\/\/www.polandtastesgood.pl\/de\/wp-json\/wp\/v2\/comments?post=1223"}],"version-history":[{"count":2,"href":"https:\/\/www.polandtastesgood.pl\/de\/wp-json\/wp\/v2\/pages\/1223\/revisions"}],"predecessor-version":[{"id":38717,"href":"https:\/\/www.polandtastesgood.pl\/de\/wp-json\/wp\/v2\/pages\/1223\/revisions\/38717"}],"wp:attachment":[{"href":"https:\/\/www.polandtastesgood.pl\/de\/wp-json\/wp\/v2\/media?parent=1223"}],"curies":[{"name":"wp","href":"https:\/\/api.w.org\/{rel}","templated":true}]}}